{"id":17426,"date":"2025-02-26T11:27:22","date_gmt":"2025-02-26T10:27:22","guid":{"rendered":"https:\/\/i2cat.net\/?page_id=17426"},"modified":"2026-07-16T10:08:50","modified_gmt":"2026-07-16T08:08:50","slug":"inici","status":"publish","type":"page","link":"https:\/\/i2cat.net\/ca\/","title":{"rendered":"Inici"},"content":{"rendered":"\n\n<section class=\"banner-home alignfull relative\">\n\n      <div id=\"tsparticles\" class=\"absolute inset-0\">\n      <div class=\"bg-false\"><\/div>\n    <\/div>\n  \n  <div class=\"banner-home__content\">\n\n    \n    <div class=\"container\">\n\n      <div class=\"grid grid-cols-1 lg:grid-cols-12 gap-baseGap\">\n\n        <div class=\"lg:col-span-5 flex flex-col justify-center z-10 relative\">\n                      <h1 class=\"text-h0 text-balance mb-4 lg:mb-8 \">\n              Recerca aplicada per connectar el m\u00f3n            <\/h1>\n          \n                      <p class=\"banner-home__subtitle text-balance \">\n              Un centre de recerca centrat en connectar la tecnologia amb les persones            <\/p>\n          \n                      <div class=\"banner-home__buttons flex flex-col md:flex-row gap-3\">\n                              <a href=\"\/ca\/about-us\"\n                  class=\"button-secondary\">M\u00e9s sobre i2CAT<\/a>\n                              <a href=\"https:\/\/i2cat.net\/ca\/contacte\/\"\n                  class=\"button-third\">Contacte<\/a>\n                          <\/div>\n                  <\/div>\n\n                  <div class='lg:col-span-6 lg:col-start-7'>\n  <div class=\"lg:col-span-6 bg-white p-2 rounded-lg z-10 relative\">\n    <video controls class=\"w-full rounded-md aspect-video\" poster=\"\" muted loop autoplay>\n      <source src=\"https:\/\/i2cat.net\/wp-content\/uploads\/2026\/07\/i2CAT-Impulsant-era-digital-2026.mp4\" type=\"video\/mp4\">\n    <\/video>\n  <\/div>\n<\/div>        \n      <\/div>\n\n    <\/div>\n  <\/div>\n\n      <div class=\"container mt-10 lg:mt-[7.5rem]\">\n      <div class=\"text-center relative z-10 max-w-[768px] mx-auto\">\n        <h3 class=\"text-h2 mb-0 text-balance md:leading-heading font-normal\">Des de l\u2019any 2003, el <strong>centre de recerca i innovaci\u00f3 i2CAT<\/strong> ha impulsat solucions digitals avan\u00e7ades a trav\u00e9s de la recerca aplicada i la innovaci\u00f3.<\/h3>\n        <p class=\"text-lead md:text-lg mt-8 text-gray-600 text-balance\">Amb un enfocament centrat en la transfer\u00e8ncia de coneixement, i2CAT genera un impacte tangible en l&#8217;economia i millora la vida de les persones connectant l&#8217;administraci\u00f3 p\u00fablica, l&#8217;empresa privada, la comunitat cient\u00edfica i la ciutadania.<\/p>\n      <\/div>\n    <\/div>\n  <\/section>\n\n\n<section class=\"images-grid alignfull py-10 lg:py-20\">\n\t<div class=\"px-10\">\n\n\t\t\t\t\t\n\n    <h2 class=\"text-h3 md:text-h2 text-center\">Qu\u00e8 fem?<\/h2>\n\t\t\n\t\t\t\t\t<div class=\"grid md:grid-cols-2 xl:grid-cols-3 gap-4 md:gap-2\">\n\t\t\t\t\t\t\t\t\t<a class=\"featured-box card\" href=\"https:\/\/i2cat.net\/ca\/que-fem\/recerca-innovacio\/\" target=\"\">\n\t\t\t\t\t\t<img decoding=\"async\" class=\"w-full h-full object-cover aspect-square\" src=\"https:\/\/i2cat.net\/wp-content\/uploads\/2025\/10\/Research-Header-scaled.jpg\" alt=\"Research and Innovation at i2CAT\">\n\t\t\t\t\t\t<div class=\"featured-content\">\n\t\t\t\t\t\t\t<h3 class=\"text-lg md:text-h5 flex justify-between items-center md:mb-[80px] font-normal text-black\">\n\t\t\t\t\t\t\t\tRecerca i innovaci\u00f3<span class=\"primary-square-post\"><\/span>\n\t\t\t\t\t\t\t<\/h3>\n\t\t\t\t\t\t\t<p class=\"description\">i2CAT \u00e9s un agent destacat en el panorama europeu d\u2019R+I en tecnologies digitals avan\u00e7ades i donem suport al desenvolupament de solucions pioneres per enfrontar reptes t\u00e8cnics orientats al mercat mitjan\u00e7ant la transfer\u00e8ncia tecnol\u00f2gica.\n<\/p>\n\t\t\t\t\t\t<\/div>\n\t\t\t\t\t<\/a>\n\t\t\t\t\t\t\t\t\t<a class=\"featured-box card\" href=\"https:\/\/i2cat.net\/ca\/que-fem\/sector-public\/\" target=\"\">\n\t\t\t\t\t\t<img decoding=\"async\" class=\"w-full h-full object-cover aspect-square\" src=\"https:\/\/i2cat.net\/wp-content\/uploads\/2025\/10\/Public-Sector-Header-scaled.jpg\" alt=\"Public Sector and Territorial Impact at i2CAT\">\n\t\t\t\t\t\t<div class=\"featured-content\">\n\t\t\t\t\t\t\t<h3 class=\"text-lg md:text-h5 flex justify-between items-center md:mb-[80px] font-normal text-black\">\n\t\t\t\t\t\t\t\tSector p\u00fablic<span class=\"primary-square-post\"><\/span>\n\t\t\t\t\t\t\t<\/h3>\n\t\t\t\t\t\t\t<p class=\"description\">Contribu\u00efm decididament a la transformaci\u00f3 digital de les administracions p\u00fabliques, enfronta reptes socials i enforteix l\u2019ecosistema local d\u2019innovaci\u00f3 digital.\n<\/p>\n\t\t\t\t\t\t<\/div>\n\t\t\t\t\t<\/a>\n\t\t\t\t\t\t\t\t\t<a class=\"featured-box card\" href=\"https:\/\/i2cat.net\/ca\/que-fem\/aliances-empresarials\/\" target=\"\">\n\t\t\t\t\t\t<img decoding=\"async\" class=\"w-full h-full object-cover aspect-square\" src=\"https:\/\/i2cat.net\/wp-content\/uploads\/2025\/12\/Business-Header-v2-scaled.jpg\" alt=\"\">\n\t\t\t\t\t\t<div class=\"featured-content\">\n\t\t\t\t\t\t\t<h3 class=\"text-lg md:text-h5 flex justify-between items-center md:mb-[80px] font-normal text-black\">\n\t\t\t\t\t\t\t\tAliances empresarials<span class=\"primary-square-post\"><\/span>\n\t\t\t\t\t\t\t<\/h3>\n\t\t\t\t\t\t\t<p class=\"description\">Fomentem la col\u00b7laboraci\u00f3 publicoprivada i impulsa la innovaci\u00f3 al mercat, assegurant que els aven\u00e7os tecnol\u00f2gics d&#8217;avantguarda capaciten diferents organitzacions per crear solucions i generar un valor diferencial.\n<\/p>\n\t\t\t\t\t\t<\/div>\n\t\t\t\t\t<\/a>\n\t\t\t\t\t\t\t<\/div>\n\t\t\n\t<\/div>\n<\/section>\n\n\n<section class=\"group alignfull has-background has-primary-300-background-color py-10 lg:py-20 my-10 lg:my-20\">\n    <div class=\"container\">\n        <div class=\"flex flex-col gap-8 md:gap-20\">\n\n<div class=\"block-claim text-left mb-4\">\n            <div class=\"text-lead md:text-h4 text-gray-700 mb-4\">Impacte<\/div>\n        <h2 class=\"title text-h4 md:text-h1 mb-0 text-balance\n        leading-heading\">Recerca per <span class=\"text-primary\">connectar<\/span>, <br \/>\r\ncomunicacions per <span class=\"text-primary\">transformar<\/span>.<br \/>\r\n<\/h2>\n    <\/div>\n\n\n<div class=\"block-counters py-10 lg:py-20 pt-0 lg:pt-0\"    class=\"\">\n\n    \n\n\n            <div class=\"grid lg:grid-cols-4 gap-baseGap\">\n            <div class=\"lg:col-span-3\">\n            \n                            <ul class=\"counters grid grid-cols-2 md:grid-cols-2 lg:grid-cols-3 gap-baseGap list-none m-0\">\n                                            \n<li class=\"relative border-t border-primary before:content-['\u25aa'] before:text-primary before:text-lg before:block before:absolute before:right-0 before:top-0 pt-3\">\n\n    <span class=\"block text-h5 leading-none whitespace-nowrap font-light\">\n        <span class=\"text-[20px] md:text-[32px] font-semibold\"><\/span>\n        <span class=\"counter text-[44px] md:text-[72px] font-semibold\" data-target=\"146\">0<\/span>\n        <span class=\"text-[20px] md:text-[32px] font-semibold\"><\/span>\n    <\/span>\n\n            <div class=\"text-primary text-sm md:text-lead\">\n            Total de projectes d\u2018R+D        <\/div>\n    \n    <\/li>                                            \n<li class=\"relative border-t border-primary before:content-['\u25aa'] before:text-primary before:text-lg before:block before:absolute before:right-0 before:top-0 pt-3\">\n\n    <span class=\"block text-h5 leading-none whitespace-nowrap font-light\">\n        <span class=\"text-[20px] md:text-[32px] font-semibold\"><\/span>\n        <span class=\"counter text-[44px] md:text-[72px] font-semibold\" data-target=\"95\">0<\/span>\n        <span class=\"text-[20px] md:text-[32px] font-semibold\"><\/span>\n    <\/span>\n\n            <div class=\"text-primary text-sm md:text-lead\">\n            Total de projectes competitius        <\/div>\n    \n    <\/li>                                            \n<li class=\"relative border-t border-primary before:content-['\u25aa'] before:text-primary before:text-lg before:block before:absolute before:right-0 before:top-0 pt-3\">\n\n    <span class=\"block text-h5 leading-none whitespace-nowrap font-light\">\n        <span class=\"text-[20px] md:text-[32px] font-semibold\"><\/span>\n        <span class=\"counter text-[44px] md:text-[72px] font-semibold\" data-target=\"27\">0<\/span>\n        <span class=\"text-[20px] md:text-[32px] font-semibold\"><\/span>\n    <\/span>\n\n            <div class=\"text-primary text-sm md:text-lead\">\n            Projectes a la carta d\u2019R+D        <\/div>\n    \n    <\/li>                                            \n<li class=\"relative border-t border-primary before:content-['\u25aa'] before:text-primary before:text-lg before:block before:absolute before:right-0 before:top-0 pt-3\">\n\n    <span class=\"block text-h5 leading-none whitespace-nowrap font-light\">\n        <span class=\"text-[20px] md:text-[32px] font-semibold\"><\/span>\n        <span class=\"counter text-[44px] md:text-[72px] font-semibold\" data-target=\"24\">0<\/span>\n        <span class=\"text-[20px] md:text-[32px] font-semibold\"><\/span>\n    <\/span>\n\n            <div class=\"text-primary text-sm md:text-lead\">\n            Projectes amb administracions p\u00fabliques        <\/div>\n    \n    <\/li>                                            \n<li class=\"relative border-t border-primary before:content-['\u25aa'] before:text-primary before:text-lg before:block before:absolute before:right-0 before:top-0 pt-3\">\n\n    <span class=\"block text-h5 leading-none whitespace-nowrap font-light\">\n        <span class=\"text-[20px] md:text-[32px] font-semibold\"><\/span>\n        <span class=\"counter text-[44px] md:text-[72px] font-semibold\" data-target=\"250\">0<\/span>\n        <span class=\"text-[20px] md:text-[32px] font-semibold\">+<\/span>\n    <\/span>\n\n            <div class=\"text-primary text-sm md:text-lead\">\n            Equip        <\/div>\n    \n    <\/li>                                    <\/ul>\n            \n                        <\/div>\n            <div class=\"lg:col-span-1\">\n                \n<a href=\"https:\/\/i2cat.net\/wp-content\/uploads\/2026\/07\/i2CAT-Informe-Anual-2025-CAT.pdf\" target=\"_blank\"\n    class=\"w-full text-white bg-gray-900 border-gray-900 button-section rounded-lg flex-1 p-5 relative flex flex-col justify-between h-full\">\n    <div class=\"text-white text-lg md:text-h5 text-balance\">Consulta l\u2019infome anual de 2025<\/div>\n    <div class=\"flex items-center justify-end gap-2 uppercase\">Informe 2025                    <svg width=\"16\" height=\"16\" viewBox=\"0 0 16 16\" fill=\"none\" xmlns=\"http:\/\/www.w3.org\/2000\/svg\">\n<g id=\"Icon\">\n<path id=\"Vector\" d=\"M9 3.66663L14 7.99996M14 7.99996L9 12.3333M14 7.99996H2\" stroke=\"#fff\" stroke-width=\"1.5\" stroke-linecap=\"square\"\/>\n<\/g>\n<\/svg>\n            <\/div>\n<\/a>            <\/div>\n        <\/div>\n    \n<\/div>\n<\/div>\n    <\/div>\n<\/section>\n\n\n<section class=\"block-latest-news alignfull py-10 lg:py-20\">\n\n\t<div class=\"container\">\n\t\t\n\n    <h2 class=\"text-h3 md:text-h2 text-left\">Novetats recents<\/h2>\n\t<\/div>\n\n\t\t\t<div class=\"js-slider-latest-news swiper relative\" data-count=\"10\" data-nav=\"1\">\n\t\t\t<ul class=\"slider-latest-news swiper-wrapper m-0 list-none\">\n\t\t\t\t\n\t\t\t\t\t\n<li class=\"border border-gray-300 hover:border-primary-400 hover:bg-primary-300 rounded p-2 md:p-3 swiper-slide h-[480px] md:h-[560px] card post-21573 post type-post status-publish format-standard has-post-thumbnail hentry category-uncategorized-ca\">\n\n    <div class=\"w-full h-full flex flex-col\">\n                    <a href=\"https:\/\/i2cat.net\/ca\/lincuba-talent-digital-prepara-la-segona-fase-del-programa-que-preveu-una-convocatoria-publica-dajuts\/\" title=\"L\u2019Incuba Talent Digital prepara la segona fase del programa, que preveu una convocat\u00f2ria p\u00fablica d\u2019ajuts\"\n                class=\"block aspect-wide flex-grow-0 overflow-hidden relative\">\n                <img loading=\"lazy\" decoding=\"async\" width=\"480\" height=\"270\" src=\"https:\/\/i2cat.net\/wp-content\/uploads\/2026\/07\/teamwork-brainstorming-ideas-in-a-modern-workplace-2026-03-20-04-02-43-utc-480x270.jpg\" class=\"object-cover object-center w-full h-full aspect-wide rounded aspect wp-post-image\" alt=\"\" \/>\n                \n            <\/a>\n                <div class=\"p-2 md:p-3 relative grow\">\n\n            <p class=\"text-base mb-6\">\n                                <time class=\"text-gray-700 tracking-tighter\" pubdate=\"pubdate\"\n                    datetime=\"2026-07-17\">\n                    17 de juliol de 2026                <\/time>\n            <\/p>\n\n\n\n                                <h3 class=\"text-lg md:text-h5 mt-0 line-clamp-3 font-normal\">\n                                        <a href=\"https:\/\/i2cat.net\/ca\/lincuba-talent-digital-prepara-la-segona-fase-del-programa-que-preveu-una-convocatoria-publica-dajuts\/\" class=\"text-gray-900\" title=\"L\u2019Incuba Talent Digital prepara la segona fase del programa, que preveu una convocat\u00f2ria p\u00fablica d\u2019ajuts\">\n                        L\u2019Incuba Talent Digital prepara la segona fase del programa, que preveu una convocat\u00f2ria p\u00fablica d\u2019ajuts                    <\/a>\n                                    <\/h3>\n            \n            <div class=\"md:absolute md:bottom-3 flex items-center gap-1\">\n                <span class=\"primary-square-post\"><\/span>\n                <a href=\"https:\/\/i2cat.net\/ca\/lincuba-talent-digital-prepara-la-segona-fase-del-programa-que-preveu-una-convocatoria-publica-dajuts\/\" title=\"L\u2019Incuba Talent Digital prepara la segona fase del programa, que preveu una convocat\u00f2ria p\u00fablica d\u2019ajuts\"\n                    class=\"leading-[24px] tracking-tighter bottom-3 text-gray-700 block\">\n                    Llegeix m\u00e9s                <\/a>\n            <\/div>\n\n\n        <\/div>\n\n    <\/div>\n\n<\/li>\n\t\t\t\t\n\t\t\t\t\t\n<li class=\"border border-gray-300 hover:border-primary-400 hover:bg-primary-300 rounded p-2 md:p-3 swiper-slide h-[480px] md:h-[560px] card post-21216 post type-post status-publish format-standard has-post-thumbnail hentry category-uncategorized-ca\">\n\n    <div class=\"w-full h-full flex flex-col\">\n                    <a href=\"https:\/\/i2cat.net\/ca\/seleccionades-les-9-candidatures-finalistes-del-concurs-aina-intelligencia-territorial-que-impulsa-solucions-dia-en-catala-per-reduir-les-bretxes-socials-i-digitals\/\" title=\"Seleccionades les 9 candidatures finalistes del concurs Aina Intel\u00b7lig\u00e8ncia Territorial, que impulsa solucions d\u2019IA en catal\u00e0 per reduir les bretxes socials i digitals\"\n                class=\"block aspect-wide flex-grow-0 overflow-hidden relative\">\n                <img loading=\"lazy\" decoding=\"async\" width=\"480\" height=\"270\" src=\"https:\/\/i2cat.net\/wp-content\/uploads\/2026\/06\/Diseno-sin-titulo-480x270.png\" class=\"object-cover object-center w-full h-full aspect-wide rounded aspect wp-post-image\" alt=\"\" \/>\n                \n            <\/a>\n                <div class=\"p-2 md:p-3 relative grow\">\n\n            <p class=\"text-base mb-6\">\n                                <time class=\"text-gray-700 tracking-tighter\" pubdate=\"pubdate\"\n                    datetime=\"2026-06-11\">\n                    11 de juny de 2026                <\/time>\n            <\/p>\n\n\n\n                                <h3 class=\"text-lg md:text-h5 mt-0 line-clamp-3 font-normal\">\n                                        <a href=\"https:\/\/i2cat.net\/ca\/seleccionades-les-9-candidatures-finalistes-del-concurs-aina-intelligencia-territorial-que-impulsa-solucions-dia-en-catala-per-reduir-les-bretxes-socials-i-digitals\/\" class=\"text-gray-900\" title=\"Seleccionades les 9 candidatures finalistes del concurs Aina Intel\u00b7lig\u00e8ncia Territorial, que impulsa solucions d\u2019IA en catal\u00e0 per reduir les bretxes socials i digitals\">\n                        Seleccionades les 9 candidatures finalistes del concurs Aina Intel\u00b7lig\u00e8ncia Territorial, que impulsa solucions d\u2019IA en catal\u00e0 per reduir les bretxes socials i digitals                    <\/a>\n                                    <\/h3>\n            \n            <div class=\"md:absolute md:bottom-3 flex items-center gap-1\">\n                <span class=\"primary-square-post\"><\/span>\n                <a href=\"https:\/\/i2cat.net\/ca\/seleccionades-les-9-candidatures-finalistes-del-concurs-aina-intelligencia-territorial-que-impulsa-solucions-dia-en-catala-per-reduir-les-bretxes-socials-i-digitals\/\" title=\"Seleccionades les 9 candidatures finalistes del concurs Aina Intel\u00b7lig\u00e8ncia Territorial, que impulsa solucions d\u2019IA en catal\u00e0 per reduir les bretxes socials i digitals\"\n                    class=\"leading-[24px] tracking-tighter bottom-3 text-gray-700 block\">\n                    Llegeix m\u00e9s                <\/a>\n            <\/div>\n\n\n        <\/div>\n\n    <\/div>\n\n<\/li>\n\t\t\t\t\n\t\t\t\t\t\n<li class=\"border border-gray-300 hover:border-primary-400 hover:bg-primary-300 rounded p-2 md:p-3 swiper-slide h-[480px] md:h-[560px] card post-21166 post type-post status-publish format-standard has-post-thumbnail hentry category-uncategorized-ca tag-eucnc2026 area-artificial-intelligence-ai area-immersive-and-interactive-multimedia-technologies area-smart-networks-and-services-5g-6g area-social-impact area-space-communications collection-research\">\n\n    <div class=\"w-full h-full flex flex-col\">\n                    <a href=\"https:\/\/i2cat.net\/ca\/i2cat-presenta-innovacions-davantguarda-i-aliances-estrategiques-durant-leucnc-6g-summit-2026\/\" title=\"i2CAT presenta innovacions d&#8217;avantguarda i aliances estrat\u00e8giques durant l&#8217;EuCNC &amp; 6G Summit 2026\"\n                class=\"block aspect-wide flex-grow-0 overflow-hidden relative\">\n                <img loading=\"lazy\" decoding=\"async\" width=\"480\" height=\"270\" src=\"https:\/\/i2cat.net\/wp-content\/uploads\/2026\/06\/1000000529-480x270.jpg\" class=\"object-cover object-center w-full h-full aspect-wide rounded aspect wp-post-image\" alt=\"\" \/>\n                \n            <\/a>\n                <div class=\"p-2 md:p-3 relative grow\">\n\n            <p class=\"text-base mb-6\">\n                                <time class=\"text-gray-700 tracking-tighter\" pubdate=\"pubdate\"\n                    datetime=\"2026-06-08\">\n                    8 de juny de 2026                <\/time>\n            <\/p>\n\n\n\n                                <h3 class=\"text-lg md:text-h5 mt-0 line-clamp-3 font-normal\">\n                                        <a href=\"https:\/\/i2cat.net\/ca\/i2cat-presenta-innovacions-davantguarda-i-aliances-estrategiques-durant-leucnc-6g-summit-2026\/\" class=\"text-gray-900\" title=\"i2CAT presenta innovacions d&#8217;avantguarda i aliances estrat\u00e8giques durant l&#8217;EuCNC &amp; 6G Summit 2026\">\n                        i2CAT presenta innovacions d&#8217;avantguarda i aliances estrat\u00e8giques durant l&#8217;EuCNC &amp; 6G Summit 2026                    <\/a>\n                                    <\/h3>\n            \n            <div class=\"md:absolute md:bottom-3 flex items-center gap-1\">\n                <span class=\"primary-square-post\"><\/span>\n                <a href=\"https:\/\/i2cat.net\/ca\/i2cat-presenta-innovacions-davantguarda-i-aliances-estrategiques-durant-leucnc-6g-summit-2026\/\" title=\"i2CAT presenta innovacions d&#8217;avantguarda i aliances estrat\u00e8giques durant l&#8217;EuCNC &amp; 6G Summit 2026\"\n                    class=\"leading-[24px] tracking-tighter bottom-3 text-gray-700 block\">\n                    Llegeix m\u00e9s                <\/a>\n            <\/div>\n\n\n        <\/div>\n\n    <\/div>\n\n<\/li>\n\t\t\t\t\n\t\t\t\t\t\n<li class=\"border border-gray-300 hover:border-primary-400 hover:bg-primary-300 rounded p-2 md:p-3 swiper-slide h-[480px] md:h-[560px] card post-21149 post type-post status-publish format-standard has-post-thumbnail hentry category-uncategorized-ca\">\n\n    <div class=\"w-full h-full flex flex-col\">\n                    <a href=\"https:\/\/i2cat.net\/ca\/el-projecte-living-lab-senegal-consolida-el-seu-model-dinnovacio-territorial-amb-la-inauguracio-del-centre-de-ziguinchor\/\" title=\"El projecte Living Lab Senegal consolida el seu model d\u2019innovaci\u00f3 territorial amb la inauguraci\u00f3 del centre de Ziguinchor\u00a0\u00a0\"\n                class=\"block aspect-wide flex-grow-0 overflow-hidden relative\">\n                <img loading=\"lazy\" decoding=\"async\" width=\"480\" height=\"270\" src=\"https:\/\/i2cat.net\/wp-content\/uploads\/2026\/06\/Comiti_Cientific_04-1-1-480x270.jpeg\" class=\"object-cover object-center w-full h-full aspect-wide rounded aspect wp-post-image\" alt=\"\" \/>\n                \n            <\/a>\n                <div class=\"p-2 md:p-3 relative grow\">\n\n            <p class=\"text-base mb-6\">\n                                <time class=\"text-gray-700 tracking-tighter\" pubdate=\"pubdate\"\n                    datetime=\"2026-06-03\">\n                    3 de juny de 2026                <\/time>\n            <\/p>\n\n\n\n                                <h3 class=\"text-lg md:text-h5 mt-0 line-clamp-3 font-normal\">\n                                        <a href=\"https:\/\/i2cat.net\/ca\/el-projecte-living-lab-senegal-consolida-el-seu-model-dinnovacio-territorial-amb-la-inauguracio-del-centre-de-ziguinchor\/\" class=\"text-gray-900\" title=\"El projecte Living Lab Senegal consolida el seu model d\u2019innovaci\u00f3 territorial amb la inauguraci\u00f3 del centre de Ziguinchor\u00a0\u00a0\">\n                        El projecte Living Lab Senegal consolida el seu model d\u2019innovaci\u00f3 territorial amb la inauguraci\u00f3 del centre de Ziguinchor\u00a0\u00a0                    <\/a>\n                                    <\/h3>\n            \n            <div class=\"md:absolute md:bottom-3 flex items-center gap-1\">\n                <span class=\"primary-square-post\"><\/span>\n                <a href=\"https:\/\/i2cat.net\/ca\/el-projecte-living-lab-senegal-consolida-el-seu-model-dinnovacio-territorial-amb-la-inauguracio-del-centre-de-ziguinchor\/\" title=\"El projecte Living Lab Senegal consolida el seu model d\u2019innovaci\u00f3 territorial amb la inauguraci\u00f3 del centre de Ziguinchor\u00a0\u00a0\"\n                    class=\"leading-[24px] tracking-tighter bottom-3 text-gray-700 block\">\n                    Llegeix m\u00e9s                <\/a>\n            <\/div>\n\n\n        <\/div>\n\n    <\/div>\n\n<\/li>\n\t\t\t\t\n\t\t\t\t\t\n<li class=\"border border-gray-300 hover:border-primary-400 hover:bg-primary-300 rounded p-2 md:p-3 swiper-slide h-[480px] md:h-[560px] card post-21096 post type-post status-publish format-standard has-post-thumbnail hentry category-notes-de-premsa\">\n\n    <div class=\"w-full h-full flex flex-col\">\n                    <a href=\"https:\/\/i2cat.net\/ca\/i2cat-estrena-seu-al-pier01-de-barcelona-i-obre-una-nova-etapa-com-a-motor-dinnovacio-i-recerca-digital-de-catalunya\/\" title=\"i2CAT estrena seu al Pier01 de Barcelona i obre una nova etapa com a motor d\u2019innovaci\u00f3 i recerca digital de Catalunya\"\n                class=\"block aspect-wide flex-grow-0 overflow-hidden relative\">\n                <img loading=\"lazy\" decoding=\"async\" width=\"480\" height=\"270\" src=\"https:\/\/i2cat.net\/wp-content\/uploads\/2026\/05\/image00025-480x270.jpeg\" class=\"object-cover object-center w-full h-full aspect-wide rounded aspect wp-post-image\" alt=\"\" \/>\n                                    <span\n                        class=\"px-3 py-1 mb-3 text-xs text-white bg-primary-500 rounded-full absolute top-2 left-2 uppercase\">\n                        Nota de premsa                    <\/span>\n                \n            <\/a>\n                <div class=\"p-2 md:p-3 relative grow\">\n\n            <p class=\"text-base mb-6\">\n                                <time class=\"text-gray-700 tracking-tighter\" pubdate=\"pubdate\"\n                    datetime=\"2026-05-27\">\n                    27 de maig de 2026                <\/time>\n            <\/p>\n\n\n\n                                <h3 class=\"text-lg md:text-h5 mt-0 line-clamp-3 font-normal\">\n                                        <a href=\"https:\/\/i2cat.net\/ca\/i2cat-estrena-seu-al-pier01-de-barcelona-i-obre-una-nova-etapa-com-a-motor-dinnovacio-i-recerca-digital-de-catalunya\/\" class=\"text-gray-900\" title=\"i2CAT estrena seu al Pier01 de Barcelona i obre una nova etapa com a motor d\u2019innovaci\u00f3 i recerca digital de Catalunya\">\n                        i2CAT estrena seu al Pier01 de Barcelona i obre una nova etapa com a motor d\u2019innovaci\u00f3 i recerca digital de Catalunya                    <\/a>\n                                    <\/h3>\n            \n            <div class=\"md:absolute md:bottom-3 flex items-center gap-1\">\n                <span class=\"primary-square-post\"><\/span>\n                <a href=\"https:\/\/i2cat.net\/ca\/i2cat-estrena-seu-al-pier01-de-barcelona-i-obre-una-nova-etapa-com-a-motor-dinnovacio-i-recerca-digital-de-catalunya\/\" title=\"i2CAT estrena seu al Pier01 de Barcelona i obre una nova etapa com a motor d\u2019innovaci\u00f3 i recerca digital de Catalunya\"\n                    class=\"leading-[24px] tracking-tighter bottom-3 text-gray-700 block\">\n                    Llegeix m\u00e9s                <\/a>\n            <\/div>\n\n\n        <\/div>\n\n    <\/div>\n\n<\/li>\n\t\t\t\t\n\t\t\t\t\t\n<li class=\"border border-gray-300 hover:border-primary-400 hover:bg-primary-300 rounded p-2 md:p-3 swiper-slide h-[480px] md:h-[560px] card post-21032 post type-post status-publish format-standard has-post-thumbnail hentry category-notes-de-premsa category-uncategorized-ca collection-corporate\">\n\n    <div class=\"w-full h-full flex flex-col\">\n                    <a href=\"https:\/\/i2cat.net\/ca\/i2cat-uoc-2026\/\" title=\"Un nou acord estrat\u00e8gic entre i2CAT i la UOC enfortir\u00e0 la transfer\u00e8ncia de coneixement tecnol\u00f2gic\"\n                class=\"block aspect-wide flex-grow-0 overflow-hidden relative\">\n                <img loading=\"lazy\" decoding=\"async\" width=\"480\" height=\"270\" src=\"https:\/\/i2cat.net\/wp-content\/uploads\/2026\/05\/\u00a9Acord-i2CAT-UOC-480x270.jpg\" class=\"object-cover object-center w-full h-full aspect-wide rounded aspect wp-post-image\" alt=\"D&#039;esquerra a dreta: la rectora de la UOC, \u00c0ngels Fit\u00f3; la directora general de Recerca de la Generalitat de Catalunya, Teresa Sanchis, i el director d&#039;i2CAT, el Dr. Sergi Figuerola.\" \/>\n                                    <span\n                        class=\"px-3 py-1 mb-3 text-xs text-white bg-primary-500 rounded-full absolute top-2 left-2 uppercase\">\n                        Nota de premsa                    <\/span>\n                \n            <\/a>\n                <div class=\"p-2 md:p-3 relative grow\">\n\n            <p class=\"text-base mb-6\">\n                                <time class=\"text-gray-700 tracking-tighter\" pubdate=\"pubdate\"\n                    datetime=\"2026-05-07\">\n                    7 de maig de 2026                <\/time>\n            <\/p>\n\n\n\n                                <h3 class=\"text-lg md:text-h5 mt-0 line-clamp-3 font-normal\">\n                                        <a href=\"https:\/\/i2cat.net\/ca\/i2cat-uoc-2026\/\" class=\"text-gray-900\" title=\"Un nou acord estrat\u00e8gic entre i2CAT i la UOC enfortir\u00e0 la transfer\u00e8ncia de coneixement tecnol\u00f2gic\">\n                        Un nou acord estrat\u00e8gic entre i2CAT i la UOC enfortir\u00e0 la transfer\u00e8ncia de coneixement tecnol\u00f2gic                    <\/a>\n                                    <\/h3>\n            \n            <div class=\"md:absolute md:bottom-3 flex items-center gap-1\">\n                <span class=\"primary-square-post\"><\/span>\n                <a href=\"https:\/\/i2cat.net\/ca\/i2cat-uoc-2026\/\" title=\"Un nou acord estrat\u00e8gic entre i2CAT i la UOC enfortir\u00e0 la transfer\u00e8ncia de coneixement tecnol\u00f2gic\"\n                    class=\"leading-[24px] tracking-tighter bottom-3 text-gray-700 block\">\n                    Llegeix m\u00e9s                <\/a>\n            <\/div>\n\n\n        <\/div>\n\n    <\/div>\n\n<\/li>\n\t\t\t\t\n\t\t\t\t\t\n<li class=\"border border-gray-300 hover:border-primary-400 hover:bg-primary-300 rounded p-2 md:p-3 swiper-slide h-[480px] md:h-[560px] card post-20991 post type-post status-publish format-standard has-post-thumbnail hentry category-uncategorized-ca\">\n\n    <div class=\"w-full h-full flex flex-col\">\n                    <a href=\"https:\/\/i2cat.net\/ca\/i2cat-reuneix-lecosistema-catala-per-mostrar-casos-reals-dinnovacio-amb-espais-de-dades\/\" title=\"i2CAT reuneix l\u2019ecosistema catal\u00e0 per mostrar casos reals d\u2019innovaci\u00f3 amb espais de dades\"\n                class=\"block aspect-wide flex-grow-0 overflow-hidden relative\">\n                <img loading=\"lazy\" decoding=\"async\" width=\"480\" height=\"270\" src=\"https:\/\/i2cat.net\/wp-content\/uploads\/2026\/04\/55212757231_c555a4ff41_c-480x270.jpg\" class=\"object-cover object-center w-full h-full aspect-wide rounded aspect wp-post-image\" alt=\"\" \/>\n                \n            <\/a>\n                <div class=\"p-2 md:p-3 relative grow\">\n\n            <p class=\"text-base mb-6\">\n                                <time class=\"text-gray-700 tracking-tighter\" pubdate=\"pubdate\"\n                    datetime=\"2026-04-16\">\n                    16 d&#8217;abril de 2026                <\/time>\n            <\/p>\n\n\n\n                                <h3 class=\"text-lg md:text-h5 mt-0 line-clamp-3 font-normal\">\n                                        <a href=\"https:\/\/i2cat.net\/ca\/i2cat-reuneix-lecosistema-catala-per-mostrar-casos-reals-dinnovacio-amb-espais-de-dades\/\" class=\"text-gray-900\" title=\"i2CAT reuneix l\u2019ecosistema catal\u00e0 per mostrar casos reals d\u2019innovaci\u00f3 amb espais de dades\">\n                        i2CAT reuneix l\u2019ecosistema catal\u00e0 per mostrar casos reals d\u2019innovaci\u00f3 amb espais de dades                    <\/a>\n                                    <\/h3>\n            \n            <div class=\"md:absolute md:bottom-3 flex items-center gap-1\">\n                <span class=\"primary-square-post\"><\/span>\n                <a href=\"https:\/\/i2cat.net\/ca\/i2cat-reuneix-lecosistema-catala-per-mostrar-casos-reals-dinnovacio-amb-espais-de-dades\/\" title=\"i2CAT reuneix l\u2019ecosistema catal\u00e0 per mostrar casos reals d\u2019innovaci\u00f3 amb espais de dades\"\n                    class=\"leading-[24px] tracking-tighter bottom-3 text-gray-700 block\">\n                    Llegeix m\u00e9s                <\/a>\n            <\/div>\n\n\n        <\/div>\n\n    <\/div>\n\n<\/li>\n\t\t\t\t\n\t\t\t\t\t\n<li class=\"border border-gray-300 hover:border-primary-400 hover:bg-primary-300 rounded p-2 md:p-3 swiper-slide h-[480px] md:h-[560px] card post-20736 post type-post status-publish format-standard has-post-thumbnail hentry category-uncategorized-ca area-cybersecurity group-cybersecurity-dlt-blockchain collection-research\">\n\n    <div class=\"w-full h-full flex flex-col\">\n                    <a href=\"https:\/\/i2cat.net\/ca\/i2cat-sintegra-a-la-red-cervera-quixote-per-impulsar-un-ecosistema-de-tecnologies-duals-i-de-seguretat\/\" title=\"i2CAT s&#8217;integra a la Red Cervera Quixote per impulsar un ecosistema de tecnologies duals i de seguretat\"\n                class=\"block aspect-wide flex-grow-0 overflow-hidden relative\">\n                <img loading=\"lazy\" decoding=\"async\" width=\"480\" height=\"270\" src=\"https:\/\/i2cat.net\/wp-content\/uploads\/2026\/03\/AdobeStock_264593567-480x270.jpeg\" class=\"object-cover object-center w-full h-full aspect-wide rounded aspect wp-post-image\" alt=\"\" \/>\n                \n            <\/a>\n                <div class=\"p-2 md:p-3 relative grow\">\n\n            <p class=\"text-base mb-6\">\n                                <time class=\"text-gray-700 tracking-tighter\" pubdate=\"pubdate\"\n                    datetime=\"2026-03-31\">\n                    31 de mar\u00e7 de 2026                <\/time>\n            <\/p>\n\n\n\n                                <h3 class=\"text-lg md:text-h5 mt-0 line-clamp-3 font-normal\">\n                                        <a href=\"https:\/\/i2cat.net\/ca\/i2cat-sintegra-a-la-red-cervera-quixote-per-impulsar-un-ecosistema-de-tecnologies-duals-i-de-seguretat\/\" class=\"text-gray-900\" title=\"i2CAT s&#8217;integra a la Red Cervera Quixote per impulsar un ecosistema de tecnologies duals i de seguretat\">\n                        i2CAT s&#8217;integra a la Red Cervera Quixote per impulsar un ecosistema de tecnologies duals i de seguretat                    <\/a>\n                                    <\/h3>\n            \n            <div class=\"md:absolute md:bottom-3 flex items-center gap-1\">\n                <span class=\"primary-square-post\"><\/span>\n                <a href=\"https:\/\/i2cat.net\/ca\/i2cat-sintegra-a-la-red-cervera-quixote-per-impulsar-un-ecosistema-de-tecnologies-duals-i-de-seguretat\/\" title=\"i2CAT s&#8217;integra a la Red Cervera Quixote per impulsar un ecosistema de tecnologies duals i de seguretat\"\n                    class=\"leading-[24px] tracking-tighter bottom-3 text-gray-700 block\">\n                    Llegeix m\u00e9s                <\/a>\n            <\/div>\n\n\n        <\/div>\n\n    <\/div>\n\n<\/li>\n\t\t\t\t\n\t\t\t\t\t\n<li class=\"border border-gray-300 hover:border-primary-400 hover:bg-primary-300 rounded p-2 md:p-3 swiper-slide h-[480px] md:h-[560px] card post-20691 post type-post status-publish format-standard has-post-thumbnail hentry category-notes-de-premsa category-uncategorized-ca area-smart-networks-and-services-5g-6g area-space-communications collection-corporate\">\n\n    <div class=\"w-full h-full flex flex-col\">\n                    <a href=\"https:\/\/i2cat.net\/ca\/i2cat-indra-group-agreement\/\" title=\"i2CAT i Indra Group s&#8217;alien per impulsar la innovaci\u00f3 en comunicacions per sat\u00e8l\u00b7lit\"\n                class=\"block aspect-wide flex-grow-0 overflow-hidden relative\">\n                <img loading=\"lazy\" decoding=\"async\" width=\"480\" height=\"270\" src=\"https:\/\/i2cat.net\/wp-content\/uploads\/2026\/03\/\u00a9i2CAT-Acord-i2CAT-Indra-Group-480x270.jpg\" class=\"object-cover object-center w-full h-full aspect-wide rounded aspect wp-post-image\" alt=\"D&#039;esquerra a dreta: Anna Orti, directora d&#039;Indra Group Catalunya, i Sergi Figuerola, director d&#039;i2CAT, es donen la m\u00e0\" \/>\n                                    <span\n                        class=\"px-3 py-1 mb-3 text-xs text-white bg-primary-500 rounded-full absolute top-2 left-2 uppercase\">\n                        Nota de premsa                    <\/span>\n                \n            <\/a>\n                <div class=\"p-2 md:p-3 relative grow\">\n\n            <p class=\"text-base mb-6\">\n                                <time class=\"text-gray-700 tracking-tighter\" pubdate=\"pubdate\"\n                    datetime=\"2026-03-26\">\n                    26 de mar\u00e7 de 2026                <\/time>\n            <\/p>\n\n\n\n                                <h3 class=\"text-lg md:text-h5 mt-0 line-clamp-3 font-normal\">\n                                        <a href=\"https:\/\/i2cat.net\/ca\/i2cat-indra-group-agreement\/\" class=\"text-gray-900\" title=\"i2CAT i Indra Group s&#8217;alien per impulsar la innovaci\u00f3 en comunicacions per sat\u00e8l\u00b7lit\">\n                        i2CAT i Indra Group s&#8217;alien per impulsar la innovaci\u00f3 en comunicacions per sat\u00e8l\u00b7lit                    <\/a>\n                                    <\/h3>\n            \n            <div class=\"md:absolute md:bottom-3 flex items-center gap-1\">\n                <span class=\"primary-square-post\"><\/span>\n                <a href=\"https:\/\/i2cat.net\/ca\/i2cat-indra-group-agreement\/\" title=\"i2CAT i Indra Group s&#8217;alien per impulsar la innovaci\u00f3 en comunicacions per sat\u00e8l\u00b7lit\"\n                    class=\"leading-[24px] tracking-tighter bottom-3 text-gray-700 block\">\n                    Llegeix m\u00e9s                <\/a>\n            <\/div>\n\n\n        <\/div>\n\n    <\/div>\n\n<\/li>\n\t\t\t\t\n\t\t\t\t\t\n<li class=\"border border-gray-300 hover:border-primary-400 hover:bg-primary-300 rounded p-2 md:p-3 swiper-slide h-[480px] md:h-[560px] card post-20555 post type-post status-publish format-standard has-post-thumbnail hentry category-notes-de-premsa collection-research\">\n\n    <div class=\"w-full h-full flex flex-col\">\n                    <a href=\"https:\/\/i2cat.net\/ca\/un-besso-digital-permet-donar-prioritat-a-vehicles-demergencies-a-lautopista-c-32\/\" title=\"Un bess\u00f3 digital permet donar prioritat a vehicles d&#8217;emerg\u00e8ncies a l&#8217;autopista C-32\"\n                class=\"block aspect-wide flex-grow-0 overflow-hidden relative\">\n                <img loading=\"lazy\" decoding=\"async\" width=\"480\" height=\"270\" src=\"https:\/\/i2cat.net\/wp-content\/uploads\/2026\/03\/SBN6782-480x270.jpg\" class=\"object-cover object-center w-full h-full aspect-wide rounded aspect wp-post-image\" alt=\"\" \/>\n                                    <span\n                        class=\"px-3 py-1 mb-3 text-xs text-white bg-primary-500 rounded-full absolute top-2 left-2 uppercase\">\n                        Nota de premsa                    <\/span>\n                \n            <\/a>\n                <div class=\"p-2 md:p-3 relative grow\">\n\n            <p class=\"text-base mb-6\">\n                                <time class=\"text-gray-700 tracking-tighter\" pubdate=\"pubdate\"\n                    datetime=\"2026-03-19\">\n                    19 de mar\u00e7 de 2026                <\/time>\n            <\/p>\n\n\n\n                                <h3 class=\"text-lg md:text-h5 mt-0 line-clamp-3 font-normal\">\n                                        <a href=\"https:\/\/i2cat.net\/ca\/un-besso-digital-permet-donar-prioritat-a-vehicles-demergencies-a-lautopista-c-32\/\" class=\"text-gray-900\" title=\"Un bess\u00f3 digital permet donar prioritat a vehicles d&#8217;emerg\u00e8ncies a l&#8217;autopista C-32\">\n                        Un bess\u00f3 digital permet donar prioritat a vehicles d&#8217;emerg\u00e8ncies a l&#8217;autopista C-32                    <\/a>\n                                    <\/h3>\n            \n            <div class=\"md:absolute md:bottom-3 flex items-center gap-1\">\n                <span class=\"primary-square-post\"><\/span>\n                <a href=\"https:\/\/i2cat.net\/ca\/un-besso-digital-permet-donar-prioritat-a-vehicles-demergencies-a-lautopista-c-32\/\" title=\"Un bess\u00f3 digital permet donar prioritat a vehicles d&#8217;emerg\u00e8ncies a l&#8217;autopista C-32\"\n                    class=\"leading-[24px] tracking-tighter bottom-3 text-gray-700 block\">\n                    Llegeix m\u00e9s                <\/a>\n            <\/div>\n\n\n        <\/div>\n\n    <\/div>\n\n<\/li>\n\t\t\t\t\t\t\t<\/ul>\n\n\t\t\t<div class=\"container\">\n\t\t\t\t\n<div class=\"flex items-center justify-between md:justify-center mt-10\">\n            <a href=\"https:\/\/i2cat.net\/ca\/noticies\/\" class=\"button-third uppercase\">\n            M\u00e9s not\u00edcies        <\/a>\n        <div class=\"!mx-auto !w-1\/2 swiper-pagination !relative\"><\/div>\n    <div class=\"swipper-navigation\">\n        <div class=\"swiper-button-prev after:content-none !relative\">\n            <svg width=\"16\" height=\"16\" viewBox=\"0 0 16 16\" fill=\"none\" xmlns=\"http:\/\/www.w3.org\/2000\/svg\">\n<g id=\"Icon\">\n<path id=\"Vector\" d=\"M7 12.3333L2 7.99996M2 7.99996L7 3.66663M2 7.99996H14\" stroke=\"#333333\" stroke-width=\"1.5\" stroke-linecap=\"square\"\/>\n<\/g>\n<\/svg>\n        <\/div>\n\n        <div class=\"swiper-button-next after:content-none !relative\">\n            <svg width=\"16\" height=\"16\" viewBox=\"0 0 16 16\" fill=\"none\" xmlns=\"http:\/\/www.w3.org\/2000\/svg\">\n<g id=\"Icon\">\n<path id=\"Vector\" d=\"M9 3.66663L14 7.99996M14 7.99996L9 12.3333M14 7.99996H2\" stroke=\"#333333\" stroke-width=\"1.5\" stroke-linecap=\"square\"\/>\n<\/g>\n<\/svg>\n        <\/div>\n    <\/div>\n<\/div>\t\t\t<\/div>\n\t\t<\/div>\n\t\n<\/section>\n\n\n<section class=\"group alignfull py-10 lg:py-20\">\n    <div class=\"container\">\n        <div class=\"flex flex-col gap-8 md:gap-20\">\n\n<div class=\"block-claim text-center mb-4\">\n            <div class=\"text-lead md:text-h4 text-gray-700 mb-4\">\u00c0rees i sectors<\/div>\n        <h2 class=\"title text-h4 md:text-h1 mb-0 text-balance\n        leading-heading\">Connectant <span class=\"text-primary\">recerca, innovaci\u00f3 i societat<\/span> a trav\u00e9s de programes col\u00b7laboratius d&#8217;impacte.<\/h2>\n    <\/div>\n\n\n<div class=\"list-links\">\n            <div class=\"grid lg:grid-cols-2 gap-baseGap\">\n                            <div>\n                    <h3 class=\"text-h4\">\n                        \u00c0rees de recerca                    <\/h3>\n                    <ul class=\"list-none m-0\">\n                                                                                <li class=\"p-4 pr-8 md:p-5 border-b-0 border border-gray-300 rid-list-item relative\">\n                                <div class=\"square-corners-items\">\n                                    <span class=\"square\"><\/span>\n                                    <span class=\"square\"><\/span>\n                                    <span class=\"square\"><\/span>\n                                    <span class=\"square\"><\/span>\n                                <\/div>\n                                <a href=\"https:\/\/i2cat.net\/ca\/recerca-innovacio\/smart-networks-and-services-5g-6g\/\" target=\"\">\n                                    <div>\n                                        <h3 class=\"text-lead md:text-h5 mb-0 md:mb-5\">Smart Networks &#038; Services: 5G\/6G<\/h3>\n                                        <p class=\"description text-gray-900 mt-0\">\n                                            Desenvolupem tecnologies avan\u00e7ades de 5G\/6G, V2X i edge-cloud per impulsar serveis digitals de nova generaci\u00f3, entorns intel\u00b7ligents i mobilitat connectada.                                        <\/p>\n                                    <\/div>\n                                    <i\n                                        class=\"arrow-next-list w-fit block absolute md:relative right-3 top-1\/2 -translate-y-1\/2 md:top-auto md:right-auto md:left-[98%]\"><svg width=\"16\" height=\"16\" viewBox=\"0 0 16 16\" fill=\"none\" xmlns=\"http:\/\/www.w3.org\/2000\/svg\">\n<g id=\"Icon\">\n<path id=\"Vector\" d=\"M9 3.66663L14 7.99996M14 7.99996L9 12.3333M14 7.99996H2\" stroke=\"#333333\" stroke-width=\"1.5\" stroke-linecap=\"square\"\/>\n<\/g>\n<\/svg>\n<\/i>\n                                <\/a>\n                            <\/li>\n                                                                                <li class=\"p-4 pr-8 md:p-5 border-b-0 border border-gray-300 rid-list-item relative\">\n                                <div class=\"square-corners-items\">\n                                    <span class=\"square\"><\/span>\n                                    <span class=\"square\"><\/span>\n                                    <span class=\"square\"><\/span>\n                                    <span class=\"square\"><\/span>\n                                <\/div>\n                                <a href=\"https:\/\/i2cat.net\/ca\/recerca-innovacio\/intelligencia-artificial-ia\/\" target=\"\">\n                                    <div>\n                                        <h3 class=\"text-lead md:text-h5 mb-0 md:mb-5\">Intel\u00b7lig\u00e8ncia artificial (IA)<\/h3>\n                                        <p class=\"description text-gray-900 mt-0\">\n                                            Introdu\u00efm la IA per transformar les xarxes i els serveis de comunicaci\u00f3 per afavorir l\u2019efici\u00e8ncia, la innovaci\u00f3 i la competitivitat social.                                        <\/p>\n                                    <\/div>\n                                    <i\n                                        class=\"arrow-next-list w-fit block absolute md:relative right-3 top-1\/2 -translate-y-1\/2 md:top-auto md:right-auto md:left-[98%]\"><svg width=\"16\" height=\"16\" viewBox=\"0 0 16 16\" fill=\"none\" xmlns=\"http:\/\/www.w3.org\/2000\/svg\">\n<g id=\"Icon\">\n<path id=\"Vector\" d=\"M9 3.66663L14 7.99996M14 7.99996L9 12.3333M14 7.99996H2\" stroke=\"#333333\" stroke-width=\"1.5\" stroke-linecap=\"square\"\/>\n<\/g>\n<\/svg>\n<\/i>\n                                <\/a>\n                            <\/li>\n                                                                                <li class=\"p-4 pr-8 md:p-5 border-b-0 border border-gray-300 rid-list-item relative\">\n                                <div class=\"square-corners-items\">\n                                    <span class=\"square\"><\/span>\n                                    <span class=\"square\"><\/span>\n                                    <span class=\"square\"><\/span>\n                                    <span class=\"square\"><\/span>\n                                <\/div>\n                                <a href=\"https:\/\/i2cat.net\/ca\/recerca-innovacio\/ciberseguretat\/\" target=\"\">\n                                    <div>\n                                        <h3 class=\"text-lead md:text-h5 mb-0 md:mb-5\">Ciberseguretat<\/h3>\n                                        <p class=\"description text-gray-900 mt-0\">\n                                            Desenvolupem solucions intel\u00b7ligents per detectar, prevenir i respondre a amenaces cibern\u00e8tiques per garantir infraestructures digitals segures.                                        <\/p>\n                                    <\/div>\n                                    <i\n                                        class=\"arrow-next-list w-fit block absolute md:relative right-3 top-1\/2 -translate-y-1\/2 md:top-auto md:right-auto md:left-[98%]\"><svg width=\"16\" height=\"16\" viewBox=\"0 0 16 16\" fill=\"none\" xmlns=\"http:\/\/www.w3.org\/2000\/svg\">\n<g id=\"Icon\">\n<path id=\"Vector\" d=\"M9 3.66663L14 7.99996M14 7.99996L9 12.3333M14 7.99996H2\" stroke=\"#333333\" stroke-width=\"1.5\" stroke-linecap=\"square\"\/>\n<\/g>\n<\/svg>\n<\/i>\n                                <\/a>\n                            <\/li>\n                                                                                <li class=\"p-4 pr-8 md:p-5 border-b-0 border border-gray-300 rid-list-item relative\">\n                                <div class=\"square-corners-items\">\n                                    <span class=\"square\"><\/span>\n                                    <span class=\"square\"><\/span>\n                                    <span class=\"square\"><\/span>\n                                    <span class=\"square\"><\/span>\n                                <\/div>\n                                <a href=\"https:\/\/i2cat.net\/ca\/recerca-innovacio\/comunicacions-espacials\/\" target=\"\">\n                                    <div>\n                                        <h3 class=\"text-lead md:text-h5 mb-0 md:mb-5\">Comunicacions espacials<\/h3>\n                                        <p class=\"description text-gray-900 mt-0\">\n                                            Investiguem xarxes no terrestres mitjan\u00e7ant sat\u00e8l\u00b7lits i tecnologia qu\u00e0ntica per ampliar una connectivitat segura i s\u00f2lida arreu del m\u00f3n.                                        <\/p>\n                                    <\/div>\n                                    <i\n                                        class=\"arrow-next-list w-fit block absolute md:relative right-3 top-1\/2 -translate-y-1\/2 md:top-auto md:right-auto md:left-[98%]\"><svg width=\"16\" height=\"16\" viewBox=\"0 0 16 16\" fill=\"none\" xmlns=\"http:\/\/www.w3.org\/2000\/svg\">\n<g id=\"Icon\">\n<path id=\"Vector\" d=\"M9 3.66663L14 7.99996M14 7.99996L9 12.3333M14 7.99996H2\" stroke=\"#333333\" stroke-width=\"1.5\" stroke-linecap=\"square\"\/>\n<\/g>\n<\/svg>\n<\/i>\n                                <\/a>\n                            <\/li>\n                                                                                <li class=\"p-4 pr-8 md:p-5 border-b-0 border border-gray-300 rid-list-item relative\">\n                                <div class=\"square-corners-items\">\n                                    <span class=\"square\"><\/span>\n                                    <span class=\"square\"><\/span>\n                                    <span class=\"square\"><\/span>\n                                    <span class=\"square\"><\/span>\n                                <\/div>\n                                <a href=\"https:\/\/i2cat.net\/ca\/recerca-innovacio\/tecnologies-multimedia-immersives-i-interactives\/\" target=\"\">\n                                    <div>\n                                        <h3 class=\"text-lead md:text-h5 mb-0 md:mb-5\">Tecnologies multim\u00e8dia immersives i interactives<\/h3>\n                                        <p class=\"description text-gray-900 mt-0\">\n                                            Creem experi\u00e8ncies immersives en temps real amb v\u00eddeo volum\u00e8tric i tecnologies multim\u00e8dia avan\u00e7ades per transformar la interacci\u00f3 digital humana.                                        <\/p>\n                                    <\/div>\n                                    <i\n                                        class=\"arrow-next-list w-fit block absolute md:relative right-3 top-1\/2 -translate-y-1\/2 md:top-auto md:right-auto md:left-[98%]\"><svg width=\"16\" height=\"16\" viewBox=\"0 0 16 16\" fill=\"none\" xmlns=\"http:\/\/www.w3.org\/2000\/svg\">\n<g id=\"Icon\">\n<path id=\"Vector\" d=\"M9 3.66663L14 7.99996M14 7.99996L9 12.3333M14 7.99996H2\" stroke=\"#333333\" stroke-width=\"1.5\" stroke-linecap=\"square\"\/>\n<\/g>\n<\/svg>\n<\/i>\n                                <\/a>\n                            <\/li>\n                                                                                <li class=\"p-4 pr-8 md:p-5  border border-gray-300 rid-list-item relative\">\n                                <div class=\"square-corners-items\">\n                                    <span class=\"square\"><\/span>\n                                    <span class=\"square\"><\/span>\n                                    <span class=\"square\"><\/span>\n                                    <span class=\"square\"><\/span>\n                                <\/div>\n                                <a href=\"https:\/\/i2cat.net\/ca\/recerca-innovacio\/impacte-social\/\" target=\"\">\n                                    <div>\n                                        <h3 class=\"text-lead md:text-h5 mb-0 md:mb-5\">Impacte social<\/h3>\n                                        <p class=\"description text-gray-900 mt-0\">\n                                            Dissenyem tecnologies inclusives que prioritzen les necessitats reals de les persones i promouen la inclusi\u00f3 digital i el benestar social.                                        <\/p>\n                                    <\/div>\n                                    <i\n                                        class=\"arrow-next-list w-fit block absolute md:relative right-3 top-1\/2 -translate-y-1\/2 md:top-auto md:right-auto md:left-[98%]\"><svg width=\"16\" height=\"16\" viewBox=\"0 0 16 16\" fill=\"none\" xmlns=\"http:\/\/www.w3.org\/2000\/svg\">\n<g id=\"Icon\">\n<path id=\"Vector\" d=\"M9 3.66663L14 7.99996M14 7.99996L9 12.3333M14 7.99996H2\" stroke=\"#333333\" stroke-width=\"1.5\" stroke-linecap=\"square\"\/>\n<\/g>\n<\/svg>\n<\/i>\n                                <\/a>\n                            <\/li>\n                                            <\/ul>\n                <\/div>\n                            <div>\n                    <h3 class=\"text-h4\">\n                        Sectors                    <\/h3>\n                    <ul class=\"list-none m-0\">\n                                                                                <li class=\"p-4 pr-8 md:p-5 border-b-0 border border-gray-300 rid-list-item relative\">\n                                <div class=\"square-corners-items\">\n                                    <span class=\"square\"><\/span>\n                                    <span class=\"square\"><\/span>\n                                    <span class=\"square\"><\/span>\n                                    <span class=\"square\"><\/span>\n                                <\/div>\n                                <a href=\"https:\/\/i2cat.net\/ca\/sector\/espai\/\" target=\"\">\n                                    <div>\n                                        <h3 class=\"text-lead md:text-h5 mb-0 md:mb-5\">Espai<\/h3>\n                                        <p class=\"description text-gray-900 mt-0\">\n                                            A i2CAT, l\u2019espai \u00e9s sin\u00f2nim de comunicacions. Investiguem tecnologies que contribueixen a crear un nou paradigma: l\u2019acc\u00e9s a la connectivitat permanent i global.                                        <\/p>\n                                    <\/div>\n                                    <i\n                                        class=\"arrow-next-list w-fit block absolute md:relative right-3 top-1\/2 -translate-y-1\/2 md:top-auto md:right-auto md:left-[98%]\"><svg width=\"16\" height=\"16\" viewBox=\"0 0 16 16\" fill=\"none\" xmlns=\"http:\/\/www.w3.org\/2000\/svg\">\n<g id=\"Icon\">\n<path id=\"Vector\" d=\"M9 3.66663L14 7.99996M14 7.99996L9 12.3333M14 7.99996H2\" stroke=\"#333333\" stroke-width=\"1.5\" stroke-linecap=\"square\"\/>\n<\/g>\n<\/svg>\n<\/i>\n                                <\/a>\n                            <\/li>\n                                                                                <li class=\"p-4 pr-8 md:p-5 border-b-0 border border-gray-300 rid-list-item relative\">\n                                <div class=\"square-corners-items\">\n                                    <span class=\"square\"><\/span>\n                                    <span class=\"square\"><\/span>\n                                    <span class=\"square\"><\/span>\n                                    <span class=\"square\"><\/span>\n                                <\/div>\n                                <a href=\"https:\/\/i2cat.net\/ca\/sector\/mobilitat\/\" target=\"\">\n                                    <div>\n                                        <h3 class=\"text-lead md:text-h5 mb-0 md:mb-5\">Mobilitat<\/h3>\n                                        <p class=\"description text-gray-900 mt-0\">\n                                            L\u2019equip d\u2019i2CAT treballa per transformar la mobilitat en un servei intel\u00b7ligent, cooperatiu i centrat en les persones.                                        <\/p>\n                                    <\/div>\n                                    <i\n                                        class=\"arrow-next-list w-fit block absolute md:relative right-3 top-1\/2 -translate-y-1\/2 md:top-auto md:right-auto md:left-[98%]\"><svg width=\"16\" height=\"16\" viewBox=\"0 0 16 16\" fill=\"none\" xmlns=\"http:\/\/www.w3.org\/2000\/svg\">\n<g id=\"Icon\">\n<path id=\"Vector\" d=\"M9 3.66663L14 7.99996M14 7.99996L9 12.3333M14 7.99996H2\" stroke=\"#333333\" stroke-width=\"1.5\" stroke-linecap=\"square\"\/>\n<\/g>\n<\/svg>\n<\/i>\n                                <\/a>\n                            <\/li>\n                                                                                <li class=\"p-4 pr-8 md:p-5 border-b-0 border border-gray-300 rid-list-item relative\">\n                                <div class=\"square-corners-items\">\n                                    <span class=\"square\"><\/span>\n                                    <span class=\"square\"><\/span>\n                                    <span class=\"square\"><\/span>\n                                    <span class=\"square\"><\/span>\n                                <\/div>\n                                <a href=\"https:\/\/i2cat.net\/ca\/sector\/industria-50\/\" target=\"\">\n                                    <div>\n                                        <h3 class=\"text-lead md:text-h5 mb-0 md:mb-5\">Ind\u00fastria 5.0<\/h3>\n                                        <p class=\"description text-gray-900 mt-0\">\n                                            Imaginem la Ind\u00fastria 5.0 com una nova revoluci\u00f3 industrial que promou entorns productius fonamentats en la sostenibilitat, la resili\u00e8ncia i un enfocament plenament hum\u00e0.                                        <\/p>\n                                    <\/div>\n                                    <i\n                                        class=\"arrow-next-list w-fit block absolute md:relative right-3 top-1\/2 -translate-y-1\/2 md:top-auto md:right-auto md:left-[98%]\"><svg width=\"16\" height=\"16\" viewBox=\"0 0 16 16\" fill=\"none\" xmlns=\"http:\/\/www.w3.org\/2000\/svg\">\n<g id=\"Icon\">\n<path id=\"Vector\" d=\"M9 3.66663L14 7.99996M14 7.99996L9 12.3333M14 7.99996H2\" stroke=\"#333333\" stroke-width=\"1.5\" stroke-linecap=\"square\"\/>\n<\/g>\n<\/svg>\n<\/i>\n                                <\/a>\n                            <\/li>\n                                                                                <li class=\"p-4 pr-8 md:p-5 border-b-0 border border-gray-300 rid-list-item relative\">\n                                <div class=\"square-corners-items\">\n                                    <span class=\"square\"><\/span>\n                                    <span class=\"square\"><\/span>\n                                    <span class=\"square\"><\/span>\n                                    <span class=\"square\"><\/span>\n                                <\/div>\n                                <a href=\"https:\/\/i2cat.net\/ca\/sector\/administracio-digital\/\" target=\"\">\n                                    <div>\n                                        <h3 class=\"text-lead md:text-h5 mb-0 md:mb-5\">Administraci\u00f3 digital<\/h3>\n                                        <p class=\"description text-gray-900 mt-0\">\n                                            Investiguem i desenvolupem tecnologies que ajuden les institucions p\u00fabliques a evolucionar cap a models de servei m\u00e9s intel\u00b7ligents, eficients i inclusius, per transformar la innovaci\u00f3 en valor p\u00fablic real.                                        <\/p>\n                                    <\/div>\n                                    <i\n                                        class=\"arrow-next-list w-fit block absolute md:relative right-3 top-1\/2 -translate-y-1\/2 md:top-auto md:right-auto md:left-[98%]\"><svg width=\"16\" height=\"16\" viewBox=\"0 0 16 16\" fill=\"none\" xmlns=\"http:\/\/www.w3.org\/2000\/svg\">\n<g id=\"Icon\">\n<path id=\"Vector\" d=\"M9 3.66663L14 7.99996M14 7.99996L9 12.3333M14 7.99996H2\" stroke=\"#333333\" stroke-width=\"1.5\" stroke-linecap=\"square\"\/>\n<\/g>\n<\/svg>\n<\/i>\n                                <\/a>\n                            <\/li>\n                                                                                <li class=\"p-4 pr-8 md:p-5 border-b-0 border border-gray-300 rid-list-item relative\">\n                                <div class=\"square-corners-items\">\n                                    <span class=\"square\"><\/span>\n                                    <span class=\"square\"><\/span>\n                                    <span class=\"square\"><\/span>\n                                    <span class=\"square\"><\/span>\n                                <\/div>\n                                <a href=\"https:\/\/i2cat.net\/ca\/sector\/sector-de-les-telecomunicacions\/\" target=\"\">\n                                    <div>\n                                        <h3 class=\"text-lead md:text-h5 mb-0 md:mb-5\">Infraestructura de telecomunicacions<\/h3>\n                                        <p class=\"description text-gray-900 mt-0\">\n                                            i2CAT es posiciona a l\u2019avantguarda de les telecomunicacions m\u00f2bils com a Centre d\u2019Excel\u00b7l\u00e8ncia en 5G+\/6G especialitzat en la resoluci\u00f3 de reptes t\u00e8cnics complexos.                                         <\/p>\n                                    <\/div>\n                                    <i\n                                        class=\"arrow-next-list w-fit block absolute md:relative right-3 top-1\/2 -translate-y-1\/2 md:top-auto md:right-auto md:left-[98%]\"><svg width=\"16\" height=\"16\" viewBox=\"0 0 16 16\" fill=\"none\" xmlns=\"http:\/\/www.w3.org\/2000\/svg\">\n<g id=\"Icon\">\n<path id=\"Vector\" d=\"M9 3.66663L14 7.99996M14 7.99996L9 12.3333M14 7.99996H2\" stroke=\"#333333\" stroke-width=\"1.5\" stroke-linecap=\"square\"\/>\n<\/g>\n<\/svg>\n<\/i>\n                                <\/a>\n                            <\/li>\n                                                                                <li class=\"p-4 pr-8 md:p-5 border-b-0 border border-gray-300 rid-list-item relative\">\n                                <div class=\"square-corners-items\">\n                                    <span class=\"square\"><\/span>\n                                    <span class=\"square\"><\/span>\n                                    <span class=\"square\"><\/span>\n                                    <span class=\"square\"><\/span>\n                                <\/div>\n                                <a href=\"https:\/\/i2cat.net\/ca\/sector\/medias\/\" target=\"\">\n                                    <div>\n                                        <h3 class=\"text-lead md:text-h5 mb-0 md:mb-5\">Multim\u00e8dia<\/h3>\n                                        <p class=\"description text-gray-900 mt-0\">\n                                            A i2CAT, transformem la recerca acad\u00e8mica d\u2019avantguarda en experi\u00e8ncies interactives i immersives que aporten valor en diferents sectors.                                        <\/p>\n                                    <\/div>\n                                    <i\n                                        class=\"arrow-next-list w-fit block absolute md:relative right-3 top-1\/2 -translate-y-1\/2 md:top-auto md:right-auto md:left-[98%]\"><svg width=\"16\" height=\"16\" viewBox=\"0 0 16 16\" fill=\"none\" xmlns=\"http:\/\/www.w3.org\/2000\/svg\">\n<g id=\"Icon\">\n<path id=\"Vector\" d=\"M9 3.66663L14 7.99996M14 7.99996L9 12.3333M14 7.99996H2\" stroke=\"#333333\" stroke-width=\"1.5\" stroke-linecap=\"square\"\/>\n<\/g>\n<\/svg>\n<\/i>\n                                <\/a>\n                            <\/li>\n                                                                                <li class=\"p-4 pr-8 md:p-5 border-b-0 border border-gray-300 rid-list-item relative\">\n                                <div class=\"square-corners-items\">\n                                    <span class=\"square\"><\/span>\n                                    <span class=\"square\"><\/span>\n                                    <span class=\"square\"><\/span>\n                                    <span class=\"square\"><\/span>\n                                <\/div>\n                                <a href=\"https:\/\/i2cat.net\/ca\/sector\/sostenibilitat\/\" target=\"\">\n                                    <div>\n                                        <h3 class=\"text-lead md:text-h5 mb-0 md:mb-5\">Sostenibilitat<\/h3>\n                                        <p class=\"description text-gray-900 mt-0\">\n                                            A i2CAT, elaborem estrat\u00e8gies que redueixen l\u2019impacte ambiental de les tecnologies digitals sense comprometre\u2019n l\u2019efici\u00e8ncia ni la capacitat d\u2019innovaci\u00f3.                                        <\/p>\n                                    <\/div>\n                                    <i\n                                        class=\"arrow-next-list w-fit block absolute md:relative right-3 top-1\/2 -translate-y-1\/2 md:top-auto md:right-auto md:left-[98%]\"><svg width=\"16\" height=\"16\" viewBox=\"0 0 16 16\" fill=\"none\" xmlns=\"http:\/\/www.w3.org\/2000\/svg\">\n<g id=\"Icon\">\n<path id=\"Vector\" d=\"M9 3.66663L14 7.99996M14 7.99996L9 12.3333M14 7.99996H2\" stroke=\"#333333\" stroke-width=\"1.5\" stroke-linecap=\"square\"\/>\n<\/g>\n<\/svg>\n<\/i>\n                                <\/a>\n                            <\/li>\n                                                                                <li class=\"p-4 pr-8 md:p-5  border border-gray-300 rid-list-item relative\">\n                                <div class=\"square-corners-items\">\n                                    <span class=\"square\"><\/span>\n                                    <span class=\"square\"><\/span>\n                                    <span class=\"square\"><\/span>\n                                    <span class=\"square\"><\/span>\n                                <\/div>\n                                <a href=\"https:\/\/i2cat.net\/ca\/sector\/salut-digital\/\" target=\"\">\n                                    <div>\n                                        <h3 class=\"text-lead md:text-h5 mb-0 md:mb-5\">Salut digital<\/h3>\n                                        <p class=\"description text-gray-900 mt-0\">\n                                            A i2CAT, la innovaci\u00f3 en el sector de la salut parteix d\u2019un comprom\u00eds amb un sistema sanitari m\u00e9s connectat, personalitzat i eficient.                                        <\/p>\n                                    <\/div>\n                                    <i\n                                        class=\"arrow-next-list w-fit block absolute md:relative right-3 top-1\/2 -translate-y-1\/2 md:top-auto md:right-auto md:left-[98%]\"><svg width=\"16\" height=\"16\" viewBox=\"0 0 16 16\" fill=\"none\" xmlns=\"http:\/\/www.w3.org\/2000\/svg\">\n<g id=\"Icon\">\n<path id=\"Vector\" d=\"M9 3.66663L14 7.99996M14 7.99996L9 12.3333M14 7.99996H2\" stroke=\"#333333\" stroke-width=\"1.5\" stroke-linecap=\"square\"\/>\n<\/g>\n<\/svg>\n<\/i>\n                                <\/a>\n                            <\/li>\n                                            <\/ul>\n                <\/div>\n                    <\/div>\n    <\/div>\n\n<\/div>\n    <\/div>\n<\/section>\n\n\n<section class=\"group alignfull has-background has-primary-300-background-color py-10 lg:py-20 my-10 lg:my-20\">\n    <div class=\"container\">\n        <div class=\"flex flex-col gap-8 md:gap-20\">\n\n<div class=\"block-claim text-left mb-4\">\n            <div class=\"text-lead md:text-h4 text-gray-700 mb-4\">Fites destacades<\/div>\n        <h2 class=\"title text-h4 md:text-h1 mb-0 text-balance\n        leading-heading\">Recerca en acci\u00f3: <span class=\"text-primary\">Hist\u00f2ries de transformaci\u00f3<\/span><\/h2>\n    <\/div>\n\n\n<section class=\"highlights alignfull has-background has-primary-300-background-color py-10 lg:py-20 my-10 lg:my-20 mt-0 lg:mt-0 mb-0 lg:mb-0\">\n\t<div class=\"container\">\n\t\t<!-- if is a full width section, apply container -->\n\n\t\t\n\t\t\t\t\t\t\t\t<div class=\"swiper js-slider-highlights\" data-cols=\"3\">\n\t\t\t\t<div class=\"swiper-wrapper lg:grid lg:grid-cols-3 lg:gap-6\">\n\t\t\t\t\t\t\t\t\t\t\t<div class=\"swiper-slide\">\n\t\t\t\t\t\t\t\n<div class=\"highlight-card h-[400px] lg:h-[550px] post-17539 sector type-sector status-publish format-standard has-post-thumbnail hentry\">\n    <a class=\"relative block h-full\" href=\"https:\/\/i2cat.net\/ca\/sector\/mobilitat\/\">\n                    <div class=\"square absolute w-3 h-3 z-20\"><\/div>\n                    <div class=\"square absolute w-3 h-3 z-20\"><\/div>\n                    <div class=\"square absolute w-3 h-3 z-20\"><\/div>\n                    <div class=\"square absolute w-3 h-3 z-20\"><\/div>\n        \n        <img loading=\"lazy\" decoding=\"async\" width=\"640\" height=\"360\" src=\"https:\/\/i2cat.net\/wp-content\/uploads\/2025\/05\/Mobility-Header_11zon-986x555.jpg\" class=\"object-cover aspect-square object-center w-full h-full absolute inset-0 wp-post-image\" alt=\"\" srcset=\"https:\/\/i2cat.net\/wp-content\/uploads\/2025\/05\/Mobility-Header_11zon-986x555.jpg 986w, https:\/\/i2cat.net\/wp-content\/uploads\/2025\/05\/Mobility-Header_11zon-768x432.jpg 768w, https:\/\/i2cat.net\/wp-content\/uploads\/2025\/05\/Mobility-Header_11zon-1536x864.jpg 1536w, https:\/\/i2cat.net\/wp-content\/uploads\/2025\/05\/Mobility-Header_11zon-380x214.jpg 380w, https:\/\/i2cat.net\/wp-content\/uploads\/2025\/05\/Mobility-Header_11zon.jpg 1920w\" sizes=\"auto, (max-width: 640px) 100vw, 640px\" \/>        <div\n            class=\"text-white z-10 relative h-full flex flex-col justify-end p-8 bg-gradient-to-t  from-black from-0% to-transparent to-50%\">\n                            <ul class=\"list-none m-0 highlight-terms\">\n                    <li class=\"inline-block bg-gray-700 text-white px-2 py-1 text-xs uppercase rounded\">\n                        Sector                    <\/li>\n                <\/ul>\n                        <h3 class=\"my-4 font-semibold text-h5\">Mobilitat<\/h3>\n            <p class=\"m-0\">La missi\u00f3 d\u2019i2CAT \u00e9s transformar la mobilitat en un servei intel\u00b7ligent, cooperatiu i centrat en les persones.<\/p>\n        <\/div>\n    <\/a>\n<\/div>\t\t\t\t\t\t<\/div>\n\t\t\t\t\t\t\t\t\t\t\t\t\t\t\t\t\t<div class=\"swiper-slide\">\n\t\t\t\t\t\t\t\n<div class=\"highlight-card h-[400px] lg:h-[550px] post-17543 sector type-sector status-publish format-standard has-post-thumbnail hentry\">\n    <a class=\"relative block h-full\" href=\"https:\/\/i2cat.net\/ca\/sector\/espai\/\">\n                    <div class=\"square absolute w-3 h-3 z-20\"><\/div>\n                    <div class=\"square absolute w-3 h-3 z-20\"><\/div>\n                    <div class=\"square absolute w-3 h-3 z-20\"><\/div>\n                    <div class=\"square absolute w-3 h-3 z-20\"><\/div>\n        \n        <img loading=\"lazy\" decoding=\"async\" width=\"640\" height=\"426\" src=\"https:\/\/i2cat.net\/wp-content\/uploads\/2025\/05\/Space-Header_11zon-986x657.jpg\" class=\"object-cover aspect-square object-center w-full h-full absolute inset-0 wp-post-image\" alt=\"\" srcset=\"https:\/\/i2cat.net\/wp-content\/uploads\/2025\/05\/Space-Header_11zon-986x657.jpg 986w, https:\/\/i2cat.net\/wp-content\/uploads\/2025\/05\/Space-Header_11zon-768x512.jpg 768w, https:\/\/i2cat.net\/wp-content\/uploads\/2025\/05\/Space-Header_11zon-1536x1024.jpg 1536w, https:\/\/i2cat.net\/wp-content\/uploads\/2025\/05\/Space-Header_11zon-2048x1365.jpg 2048w, https:\/\/i2cat.net\/wp-content\/uploads\/2025\/05\/Space-Header_11zon-380x253.jpg 380w\" sizes=\"auto, (max-width: 640px) 100vw, 640px\" \/>        <div\n            class=\"text-white z-10 relative h-full flex flex-col justify-end p-8 bg-gradient-to-t  from-black from-0% to-transparent to-50%\">\n                            <ul class=\"list-none m-0 highlight-terms\">\n                    <li class=\"inline-block bg-gray-700 text-white px-2 py-1 text-xs uppercase rounded\">\n                        Sector                    <\/li>\n                <\/ul>\n                        <h3 class=\"my-4 font-semibold text-h5\">Espai<\/h3>\n            <p class=\"m-0\">A i2CAT, l\u2019espai \u00e9s sin\u00f2nim de comunicacions. Investiguem tecnologies per a un nou paradigma: l\u2019acc\u00e9s a la connectivitat permanent i global.<\/p>\n        <\/div>\n    <\/a>\n<\/div>\t\t\t\t\t\t<\/div>\n\t\t\t\t\t\t\t\t\t\t\t\t\t\t\t\t\t<div class=\"swiper-slide\">\n\t\t\t\t\t\t\t\n<div class=\"highlight-card h-[400px] lg:h-[550px] post-17670 success-story type-success-story status-publish has-post-thumbnail hentry area-immersive-and-interactive-multimedia-technologies\">\n    <a class=\"relative block h-full\" href=\"https:\/\/i2cat.net\/ca\/success-story\/un-pas-cap-al-futur-com-volum-technologies-di2cat-revoluciona-la-comunicacio-immersiva\/\">\n                    <div class=\"square absolute w-3 h-3 z-20\"><\/div>\n                    <div class=\"square absolute w-3 h-3 z-20\"><\/div>\n                    <div class=\"square absolute w-3 h-3 z-20\"><\/div>\n                    <div class=\"square absolute w-3 h-3 z-20\"><\/div>\n        \n        <img loading=\"lazy\" decoding=\"async\" width=\"640\" height=\"426\" src=\"https:\/\/i2cat.net\/wp-content\/uploads\/2025\/10\/54310449929_08562f43e5_k-986x657.jpg\" class=\"object-cover aspect-square object-center w-full h-full absolute inset-0 wp-post-image\" alt=\"\" srcset=\"https:\/\/i2cat.net\/wp-content\/uploads\/2025\/10\/54310449929_08562f43e5_k-986x657.jpg 986w, https:\/\/i2cat.net\/wp-content\/uploads\/2025\/10\/54310449929_08562f43e5_k-768x512.jpg 768w, https:\/\/i2cat.net\/wp-content\/uploads\/2025\/10\/54310449929_08562f43e5_k-1536x1024.jpg 1536w, https:\/\/i2cat.net\/wp-content\/uploads\/2025\/10\/54310449929_08562f43e5_k-380x253.jpg 380w, https:\/\/i2cat.net\/wp-content\/uploads\/2025\/10\/54310449929_08562f43e5_k.jpg 2047w\" sizes=\"auto, (max-width: 640px) 100vw, 640px\" \/>        <div\n            class=\"text-white z-10 relative h-full flex flex-col justify-end p-8 bg-gradient-to-t  from-black from-0% to-transparent to-50%\">\n                            <ul class=\"list-none m-0 highlight-terms\">\n                    <li class=\"inline-block bg-gray-700 text-white px-2 py-1 text-xs uppercase rounded\">\n                        Success Story                    <\/li>\n                <\/ul>\n                        <h3 class=\"my-4 font-semibold text-h5\">Un pas cap al futur: Com Volum Technologies d\u2019i2CAT revoluciona la comunicaci\u00f3 immersiva<\/h3>\n            <p class=\"m-0\"><\/p>\n        <\/div>\n    <\/a>\n<\/div>\t\t\t\t\t\t<\/div>\n\t\t\t\t\t\t\t\t\t\t\t\t\t\t\t<\/div>\n\t\t\t\t<div class=\"swipper-navigation lg:hidden justify-end mt-6\">\n\t\t\t\t\t<div class=\"swiper-button-prev after:content-none !relative\">\n\t\t\t\t\t\t<svg width=\"16\" height=\"16\" viewBox=\"0 0 16 16\" fill=\"none\" xmlns=\"http:\/\/www.w3.org\/2000\/svg\">\n<g id=\"Icon\">\n<path id=\"Vector\" d=\"M7 12.3333L2 7.99996M2 7.99996L7 3.66663M2 7.99996H14\" stroke=\"#333333\" stroke-width=\"1.5\" stroke-linecap=\"square\"\/>\n<\/g>\n<\/svg>\n\t\t\t\t\t<\/div>\n\n\t\t\t\t\t<div class=\"swiper-button-next after:content-none !relative\">\n\t\t\t\t\t\t<svg width=\"16\" height=\"16\" viewBox=\"0 0 16 16\" fill=\"none\" xmlns=\"http:\/\/www.w3.org\/2000\/svg\">\n<g id=\"Icon\">\n<path id=\"Vector\" d=\"M9 3.66663L14 7.99996M14 7.99996L9 12.3333M14 7.99996H2\" stroke=\"#333333\" stroke-width=\"1.5\" stroke-linecap=\"square\"\/>\n<\/g>\n<\/svg>\n\t\t\t\t\t<\/div>\n\t\t\t\t<\/div>\n\t\t\t<\/div>\n\t\t\n\t<\/div>\n\n<\/section>\n<\/div>\n    <\/div>\n<\/section>\n\n\n<section class=\"upcoming-events alignfull py-10 lg:py-20\">\n\n\t<div class=\"container\">\n\t\t\n\n    <h2 class=\"text-h3 md:text-h2 text-left\">Pr\u00f2xims esdeveniments<\/h2>\n\t<\/div>\n\n\t\n\t\n\t\t\t\t\t\t<div class=\"js-slider-latest-news swiper relative\" data-count=\"3\" data-nav=\"1\">\n\t\t\t\t\t<ul class=\"slider-latest-news swiper-wrapper m-0 list-none\">\n\t\t\t\t\t\t\t\t\t\t\t\t\t    <li class=\"border border-gray-300 hover:border-primary-400 hover:bg-primary-300 rounded p-3 swiper-slide card post-21681 tribe_events type-tribe_events status-publish has-post-thumbnail hentry\">\n\n        <div class=\"flex flex-col gap-4 w-full h-full\">\n            <div>\n                \n                    <div\n                        class=\"uppercase font-semibold flex items-center gap-2 py-1 px-2 bg-gray-200 text-sm text-gray-800 w-fit\">\n                        <i\n                            class=\"relative bottom-[2px]\"><svg width=\"16\" height=\"16\" viewBox=\"0 0 16 16\" fill=\"none\" xmlns=\"http:\/\/www.w3.org\/2000\/svg\">\n<path d=\"M4.5 2V3.5M11.5 2V3.5M2 12.5V5C2 4.60218 2.15804 4.22064 2.43934 3.93934C2.72064 3.65804 3.10218 3.5 3.5 3.5H12.5C12.8978 3.5 13.2794 3.65804 13.5607 3.93934C13.842 4.22064 14 4.60218 14 5V12.5M2 12.5C2 12.8978 2.15804 13.2794 2.43934 13.5607C2.72064 13.842 3.10218 14 3.5 14H12.5C12.8978 14 13.2794 13.842 13.5607 13.5607C13.842 13.2794 14 12.8978 14 12.5M2 12.5V7.5C2 7.10218 2.15804 6.72064 2.43934 6.43934C2.72064 6.15804 3.10218 6 3.5 6H12.5C12.8978 6 13.2794 6.15804 13.5607 6.43934C13.842 6.72064 14 7.10218 14 7.5V12.5\" stroke=\"#666666\" stroke-width=\"1.5\" stroke-linecap=\"round\" stroke-linejoin=\"round\"\/>\n<\/svg>\n<\/i>\n                            <span class=\"text-sm\">\n                            29 set. 2026                        <\/span>\n                    <\/div>\n\n                \n                                        <h3 class=\"text-[24px] font-normal my-5\">\n                                                <a href=\"https:\/\/i2cat.net\/ca\/event\/diada-de-sant-gabriel-2026\/\" class=\"text-gray-900\" title=\"Diada de Sant Gabriel 2026\">\n                            Diada de Sant Gabriel 2026                        <\/a>\n                                            <\/h3>\n                \n                <span class=\"text-sm text-gray-700\">\n                    17:00 &#8211; 20:00 \u00b7 Espai Francesca Bonnemaison                <\/span>\n                <!-- <span class=\"text-sm text-gray-700 mb-8 block\">9:30 - 17:00  \u00b7  Location \/ Online<\/span> -->\n\n                <a href=\"https:\/\/i2cat.net\/ca\/event\/diada-de-sant-gabriel-2026\/\" title=\"Diada de Sant Gabriel 2026\"\n                    class=\"text-gray-700 text-sm block before:text-primary before:text-lg before:content-['\u25aa'] before:relative before:top-px before:transition-all before:mr-1 group-hover:before:mr-2\">\n                    M\u00e9s informaci\u00f3                <\/a>\n\n            <\/div>\n\n            <a href=\"https:\/\/i2cat.net\/ca\/event\/diada-de-sant-gabriel-2026\/\" title=\"Diada de Sant Gabriel 2026\"\n                class=\"block rounded overflow-hidden\">\n\n                <img loading=\"lazy\" decoding=\"async\" width=\"480\" height=\"360\" src=\"https:\/\/i2cat.net\/wp-content\/uploads\/2026\/08\/Sant-Gabriel-480x360.jpeg\" class=\"block object-cover object-center aspect-video  wp-post-image\" alt=\"\" \/>\n            <\/a>\n\n        <\/div>\n\n    <\/li>\n\n\t\t\t\t\t\t\t\t\t\t\t\t\t    <li class=\"border border-gray-300 hover:border-primary-400 hover:bg-primary-300 rounded p-3 swiper-slide card post-21736 tribe_events type-tribe_events status-publish has-post-thumbnail hentry\">\n\n        <div class=\"flex flex-col gap-4 w-full h-full\">\n            <div>\n                \n                    <div\n                        class=\"uppercase font-semibold flex items-center gap-2 py-1 px-2 bg-gray-200 text-sm text-gray-800 w-fit\">\n                        <i\n                            class=\"relative bottom-[2px]\"><svg width=\"16\" height=\"16\" viewBox=\"0 0 16 16\" fill=\"none\" xmlns=\"http:\/\/www.w3.org\/2000\/svg\">\n<path d=\"M4.5 2V3.5M11.5 2V3.5M2 12.5V5C2 4.60218 2.15804 4.22064 2.43934 3.93934C2.72064 3.65804 3.10218 3.5 3.5 3.5H12.5C12.8978 3.5 13.2794 3.65804 13.5607 3.93934C13.842 4.22064 14 4.60218 14 5V12.5M2 12.5C2 12.8978 2.15804 13.2794 2.43934 13.5607C2.72064 13.842 3.10218 14 3.5 14H12.5C12.8978 14 13.2794 13.842 13.5607 13.5607C13.842 13.2794 14 12.8978 14 12.5M2 12.5V7.5C2 7.10218 2.15804 6.72064 2.43934 6.43934C2.72064 6.15804 3.10218 6 3.5 6H12.5C12.8978 6 13.2794 6.15804 13.5607 6.43934C13.842 6.72064 14 7.10218 14 7.5V12.5\" stroke=\"#666666\" stroke-width=\"1.5\" stroke-linecap=\"round\" stroke-linejoin=\"round\"\/>\n<\/svg>\n<\/i>\n                            <span class=\"text-sm\">\n                            5 oct. 2026 &#8211; 7 oct. 2026                        <\/span>\n                    <\/div>\n\n                \n                                        <h3 class=\"text-[24px] font-normal my-5\">\n                                                <a href=\"https:\/\/i2cat.net\/ca\/event\/barcelona-new-economy-week-bnew\/\" class=\"text-gray-900\" title=\"Barcelona New Economy Week \u2013 BNEW\">\n                            Barcelona New Economy Week \u2013 BNEW                        <\/a>\n                                            <\/h3>\n                \n                <span class=\"text-sm text-gray-700\">\n                     \u00b7 DFactory Barcelona                <\/span>\n                <!-- <span class=\"text-sm text-gray-700 mb-8 block\">9:30 - 17:00  \u00b7  Location \/ Online<\/span> -->\n\n                <a href=\"https:\/\/i2cat.net\/ca\/event\/barcelona-new-economy-week-bnew\/\" title=\"Barcelona New Economy Week \u2013 BNEW\"\n                    class=\"text-gray-700 text-sm block before:text-primary before:text-lg before:content-['\u25aa'] before:relative before:top-px before:transition-all before:mr-1 group-hover:before:mr-2\">\n                    M\u00e9s informaci\u00f3                <\/a>\n\n            <\/div>\n\n            <a href=\"https:\/\/i2cat.net\/ca\/event\/barcelona-new-economy-week-bnew\/\" title=\"Barcelona New Economy Week \u2013 BNEW\"\n                class=\"block rounded overflow-hidden\">\n\n                <img loading=\"lazy\" decoding=\"async\" width=\"480\" height=\"360\" src=\"https:\/\/i2cat.net\/wp-content\/uploads\/2026\/08\/BNEW26-480x360.jpeg\" class=\"block object-cover object-center aspect-video  wp-post-image\" alt=\"\" \/>\n            <\/a>\n\n        <\/div>\n\n    <\/li>\n\n\t\t\t\t\t\t\t\t\t\t\t\t\t    <li class=\"border border-gray-300 hover:border-primary-400 hover:bg-primary-300 rounded p-3 swiper-slide card post-21751 tribe_events type-tribe_events status-publish has-post-thumbnail hentry\">\n\n        <div class=\"flex flex-col gap-4 w-full h-full\">\n            <div>\n                \n                    <div\n                        class=\"uppercase font-semibold flex items-center gap-2 py-1 px-2 bg-gray-200 text-sm text-gray-800 w-fit\">\n                        <i\n                            class=\"relative bottom-[2px]\"><svg width=\"16\" height=\"16\" viewBox=\"0 0 16 16\" fill=\"none\" xmlns=\"http:\/\/www.w3.org\/2000\/svg\">\n<path d=\"M4.5 2V3.5M11.5 2V3.5M2 12.5V5C2 4.60218 2.15804 4.22064 2.43934 3.93934C2.72064 3.65804 3.10218 3.5 3.5 3.5H12.5C12.8978 3.5 13.2794 3.65804 13.5607 3.93934C13.842 4.22064 14 4.60218 14 5V12.5M2 12.5C2 12.8978 2.15804 13.2794 2.43934 13.5607C2.72064 13.842 3.10218 14 3.5 14H12.5C12.8978 14 13.2794 13.842 13.5607 13.5607C13.842 13.2794 14 12.8978 14 12.5M2 12.5V7.5C2 7.10218 2.15804 6.72064 2.43934 6.43934C2.72064 6.15804 3.10218 6 3.5 6H12.5C12.8978 6 13.2794 6.15804 13.5607 6.43934C13.842 6.72064 14 7.10218 14 7.5V12.5\" stroke=\"#666666\" stroke-width=\"1.5\" stroke-linecap=\"round\" stroke-linejoin=\"round\"\/>\n<\/svg>\n<\/i>\n                            <span class=\"text-sm\">\n                            20 oct. 2026 &#8211; 22 oct. 2026                        <\/span>\n                    <\/div>\n\n                \n                                        <h3 class=\"text-[24px] font-normal my-5\">\n                                                <a href=\"https:\/\/i2cat.net\/ca\/event\/ai-congress-barcelona-2026\/\" class=\"text-gray-900\" title=\"AI Congress Barcelona 2026\">\n                            AI Congress Barcelona 2026                        <\/a>\n                                            <\/h3>\n                \n                <span class=\"text-sm text-gray-700\">\n                     \u00b7 Auditori L&#8217;illa Barcelona                <\/span>\n                <!-- <span class=\"text-sm text-gray-700 mb-8 block\">9:30 - 17:00  \u00b7  Location \/ Online<\/span> -->\n\n                <a href=\"https:\/\/i2cat.net\/ca\/event\/ai-congress-barcelona-2026\/\" title=\"AI Congress Barcelona 2026\"\n                    class=\"text-gray-700 text-sm block before:text-primary before:text-lg before:content-['\u25aa'] before:relative before:top-px before:transition-all before:mr-1 group-hover:before:mr-2\">\n                    M\u00e9s informaci\u00f3                <\/a>\n\n            <\/div>\n\n            <a href=\"https:\/\/i2cat.net\/ca\/event\/ai-congress-barcelona-2026\/\" title=\"AI Congress Barcelona 2026\"\n                class=\"block rounded overflow-hidden\">\n\n                <img loading=\"lazy\" decoding=\"async\" width=\"480\" height=\"360\" src=\"https:\/\/i2cat.net\/wp-content\/uploads\/2026\/08\/AI-Congress-2026-480x360.jpeg\" class=\"block object-cover object-center aspect-video  wp-post-image\" alt=\"\" \/>\n            <\/a>\n\n        <\/div>\n\n    <\/li>\n\n\t\t\t\t\t\t\t\t\t\t\t<\/ul>\n\n\t\t\t\t\t<div class=\"container\">\n\t\t\t\t\t\t\t\t\t\t\t\t\t\n<div class=\"flex items-center justify-between md:justify-center mt-10\">\n            <a href=\"https:\/\/i2cat.net\/ca\/events\/\" class=\"button-third uppercase\">\n            More events        <\/a>\n        <div class=\"!mx-auto !w-1\/2 swiper-pagination !relative\"><\/div>\n    <div class=\"swipper-navigation\">\n        <div class=\"swiper-button-prev after:content-none !relative\">\n            <svg width=\"16\" height=\"16\" viewBox=\"0 0 16 16\" fill=\"none\" xmlns=\"http:\/\/www.w3.org\/2000\/svg\">\n<g id=\"Icon\">\n<path id=\"Vector\" d=\"M7 12.3333L2 7.99996M2 7.99996L7 3.66663M2 7.99996H14\" stroke=\"#333333\" stroke-width=\"1.5\" stroke-linecap=\"square\"\/>\n<\/g>\n<\/svg>\n        <\/div>\n\n        <div class=\"swiper-button-next after:content-none !relative\">\n            <svg width=\"16\" height=\"16\" viewBox=\"0 0 16 16\" fill=\"none\" xmlns=\"http:\/\/www.w3.org\/2000\/svg\">\n<g id=\"Icon\">\n<path id=\"Vector\" d=\"M9 3.66663L14 7.99996M14 7.99996L9 12.3333M14 7.99996H2\" stroke=\"#333333\" stroke-width=\"1.5\" stroke-linecap=\"square\"\/>\n<\/g>\n<\/svg>\n        <\/div>\n    <\/div>\n<\/div>\t\t\t\t\t\t\t\t\t\t\t<\/div>\n\n\t\t\t\t<\/div>\n\t\t\t\t\n\t\n<\/section>\n\n\n<section class=\"block-partners py-10 lg:py-20\">\n\t<div class=\"\">\n\t\t<!-- if is a full width section, apply container -->\n\n\t\t<div>\n\t\t\t\n\n    <h2 class=\"text-h3 md:text-h2 text-left\">Patronat<\/h2>\n\t\t<\/div>\n\n\t\t\t\t\t<div class=\"grid grid-cols-3 lg:grid-cols-5 xl:grid-cols-7 gap-2 md:gap-4 grayscale-effect\">\n\t\t\t\t\t\t\t\t\t<div class=\"card partner-card bg-white p-7 border rounded\">\n\t\t\t\t\t\t\t\t\t\t\t\t\t\t\t\t\t\t\t\t\t<img decoding=\"async\" src=\"https:\/\/i2cat.net\/wp-content\/uploads\/2025\/10\/Generalitat-ENG.png\" alt=\"\">\n\t\t\t\t\t\t\t\t\t\t\t\t\t\t\t\t\t\t\t<\/div>\n\t\t\t\t\t\t\t\t\t<div class=\"card partner-card bg-white p-7 border rounded\">\n\t\t\t\t\t\t\t\t\t\t\t\t\t\t\t\t\t\t\t\t\t<img decoding=\"async\" src=\"https:\/\/i2cat.net\/wp-content\/uploads\/2026\/06\/AjuntamentBCN.jpg\" alt=\"Ajuntament de Barcelona\">\n\t\t\t\t\t\t\t\t\t\t\t\t\t\t\t\t\t\t\t<\/div>\n\t\t\t\t\t\t\t\t\t<div class=\"card partner-card bg-white p-7 border rounded\">\n\t\t\t\t\t\t\t\t\t\t\t\t\t\t\t\t\t\t\t\t\t<img decoding=\"async\" src=\"https:\/\/i2cat.net\/wp-content\/uploads\/2025\/10\/UPC.png\" alt=\"\">\n\t\t\t\t\t\t\t\t\t\t\t\t\t\t\t\t\t\t\t<\/div>\n\t\t\t\t\t\t\t\t\t<div class=\"card partner-card bg-white p-7 border rounded\">\n\t\t\t\t\t\t\t\t\t\t\t\t\t\t\t\t\t\t\t\t\t<img decoding=\"async\" src=\"https:\/\/i2cat.net\/wp-content\/uploads\/2025\/10\/RamonLlull.png\" alt=\"\">\n\t\t\t\t\t\t\t\t\t\t\t\t\t\t\t\t\t\t\t<\/div>\n\t\t\t\t\t\t\t\t\t<div class=\"card partner-card bg-white p-7 border rounded\">\n\t\t\t\t\t\t\t\t\t\t\t\t\t\t\t\t\t\t\t\t\t<img decoding=\"async\" src=\"https:\/\/i2cat.net\/wp-content\/uploads\/2025\/10\/UPF.png\" alt=\"\">\n\t\t\t\t\t\t\t\t\t\t\t\t\t\t\t\t\t\t\t<\/div>\n\t\t\t\t\t\t\t\t\t<div class=\"card partner-card bg-white p-7 border rounded\">\n\t\t\t\t\t\t\t\t\t\t\t\t\t\t\t\t\t\t\t\t\t<img decoding=\"async\" src=\"https:\/\/i2cat.net\/wp-content\/uploads\/2025\/10\/URV.png\" alt=\"\">\n\t\t\t\t\t\t\t\t\t\t\t\t\t\t\t\t\t\t\t<\/div>\n\t\t\t\t\t\t\t\t\t<div class=\"card partner-card bg-white p-7 border rounded\">\n\t\t\t\t\t\t\t\t\t\t\t\t\t\t\t\t\t\t\t\t\t<img decoding=\"async\" src=\"https:\/\/i2cat.net\/wp-content\/uploads\/2025\/10\/Orange.png\" alt=\"\">\n\t\t\t\t\t\t\t\t\t\t\t\t\t\t\t\t\t\t\t<\/div>\n\t\t\t\t\t\t\t\t\t<div class=\"card partner-card bg-white p-7 border rounded\">\n\t\t\t\t\t\t\t\t\t\t\t\t\t\t\t\t\t\t\t\t\t<img decoding=\"async\" src=\"https:\/\/i2cat.net\/wp-content\/uploads\/2025\/10\/Vodafone.png\" alt=\"\">\n\t\t\t\t\t\t\t\t\t\t\t\t\t\t\t\t\t\t\t<\/div>\n\t\t\t\t\t\t\t\t\t<div class=\"card partner-card bg-white p-7 border rounded\">\n\t\t\t\t\t\t\t\t\t\t\t\t\t\t\t\t\t\t\t\t\t<img decoding=\"async\" src=\"https:\/\/i2cat.net\/wp-content\/uploads\/2025\/10\/Telefonica.png\" alt=\"\">\n\t\t\t\t\t\t\t\t\t\t\t\t\t\t\t\t\t\t\t<\/div>\n\t\t\t\t\t\t\t\t\t<div class=\"card partner-card bg-white p-7 border rounded\">\n\t\t\t\t\t\t\t\t\t\t\t\t\t\t\t\t\t\t\t\t\t<img decoding=\"async\" src=\"https:\/\/i2cat.net\/wp-content\/uploads\/2025\/03\/cellnex-logo.png\" alt=\"\">\n\t\t\t\t\t\t\t\t\t\t\t\t\t\t\t\t\t\t\t<\/div>\n\t\t\t\t\t\t\t\t\t<div class=\"card partner-card bg-white p-7 border rounded\">\n\t\t\t\t\t\t\t\t\t\t\t\t\t\t\t\t\t\t\t\t\t<img decoding=\"async\" src=\"https:\/\/i2cat.net\/wp-content\/uploads\/2025\/10\/Mediapro.png\" alt=\"\">\n\t\t\t\t\t\t\t\t\t\t\t\t\t\t\t\t\t\t\t<\/div>\n\t\t\t\t\t\t\t\t\t<div class=\"card partner-card bg-white p-7 border rounded\">\n\t\t\t\t\t\t\t\t\t\t\t\t\t\t\t\t\t\t\t\t\t<img decoding=\"async\" src=\"https:\/\/i2cat.net\/wp-content\/uploads\/2025\/10\/Cisco.png\" alt=\"\">\n\t\t\t\t\t\t\t\t\t\t\t\t\t\t\t\t\t\t\t<\/div>\n\t\t\t\t\t\t\t\t\t<div class=\"card partner-card bg-white p-7 border rounded\">\n\t\t\t\t\t\t\t\t\t\t\t\t\t\t\t\t\t\t\t\t\t<img decoding=\"async\" src=\"https:\/\/i2cat.net\/wp-content\/uploads\/2026\/03\/IndraGroup-1.jpg\" alt=\"Indra Group\">\n\t\t\t\t\t\t\t\t\t\t\t\t\t\t\t\t\t\t\t<\/div>\n\t\t\t\t\t\t\t<\/div>\n\t\t\n\t<\/div>\n\n<\/section>","protected":false},"excerpt":{"rendered":"","protected":false},"author":1,"featured_media":0,"parent":0,"menu_order":0,"comment_status":"closed","ping_status":"closed","template":"","meta":{"_acf_changed":false,"footnotes":""},"class_list":["post-17426","page","type-page","status-publish","hentry"],"acf":[],"yoast_head":"<!-- This site is optimized with the Yoast SEO plugin v28.3 - https:\/\/yoast.com\/product\/yoast-seo-wordpress\/ -->\n<title>Inici - i2CAT Research Centre<\/title>\n<meta name=\"description\" content=\"Des del 2003, el centre de recerca i2CAT impulsa solucions digitals avan\u00e7ades a trav\u00e9s de la recerca aplicada i la innovaci\u00f3.\" \/>\n<meta name=\"robots\" content=\"index, follow, max-snippet:-1, max-image-preview:large, max-video-preview:-1\" \/>\n<link rel=\"canonical\" href=\"https:\/\/i2cat.net\/ca\/\" \/>\n<meta property=\"og:locale\" content=\"ca_ES\" \/>\n<meta property=\"og:type\" content=\"article\" \/>\n<meta property=\"og:title\" content=\"Inici - i2CAT Research Centre\" \/>\n<meta property=\"og:description\" content=\"Des del 2003, el centre de recerca i2CAT impulsa solucions digitals avan\u00e7ades a trav\u00e9s de la recerca aplicada i la innovaci\u00f3.\" \/>\n<meta property=\"og:url\" content=\"https:\/\/i2cat.net\/ca\/\" \/>\n<meta property=\"og:site_name\" content=\"i2CAT Research Centre\" \/>\n<meta property=\"article:modified_time\" content=\"2026-07-16T08:08:50+00:00\" \/>\n<meta name=\"twitter:card\" content=\"summary_large_image\" \/>\n<script type=\"application\/ld+json\" class=\"yoast-schema-graph\">{\"@context\":\"https:\\\/\\\/schema.org\",\"@graph\":[{\"@type\":\"WebPage\",\"@id\":\"https:\\\/\\\/i2cat.net\\\/ca\\\/\",\"url\":\"https:\\\/\\\/i2cat.net\\\/ca\\\/\",\"name\":\"Inici - i2CAT Research Centre\",\"isPartOf\":{\"@id\":\"https:\\\/\\\/i2cat.net\\\/ca\\\/#website\"},\"datePublished\":\"2025-02-26T10:27:22+00:00\",\"dateModified\":\"2026-07-16T08:08:50+00:00\",\"description\":\"Des del 2003, el centre de recerca i2CAT impulsa solucions digitals avan\u00e7ades a trav\u00e9s de la recerca aplicada i la innovaci\u00f3.\",\"breadcrumb\":{\"@id\":\"https:\\\/\\\/i2cat.net\\\/ca\\\/#breadcrumb\"},\"inLanguage\":\"ca\",\"potentialAction\":[{\"@type\":\"ReadAction\",\"target\":[\"https:\\\/\\\/i2cat.net\\\/ca\\\/\"]}]},{\"@type\":\"BreadcrumbList\",\"@id\":\"https:\\\/\\\/i2cat.net\\\/ca\\\/#breadcrumb\",\"itemListElement\":[{\"@type\":\"ListItem\",\"position\":1,\"name\":\"Home\",\"item\":\"https:\\\/\\\/i2cat.net\\\/ca\\\/\"},{\"@type\":\"ListItem\",\"position\":2,\"name\":\"Inici\"}]},{\"@type\":\"WebSite\",\"@id\":\"https:\\\/\\\/i2cat.net\\\/ca\\\/#website\",\"url\":\"https:\\\/\\\/i2cat.net\\\/ca\\\/\",\"name\":\"i2CAT Research Centre\",\"description\":\"\",\"potentialAction\":[{\"@type\":\"SearchAction\",\"target\":{\"@type\":\"EntryPoint\",\"urlTemplate\":\"https:\\\/\\\/i2cat.net\\\/ca\\\/?s={search_term_string}\"},\"query-input\":{\"@type\":\"PropertyValueSpecification\",\"valueRequired\":true,\"valueName\":\"search_term_string\"}}],\"inLanguage\":\"ca\"}]}<\/script>\n<!-- \/ Yoast SEO plugin. -->","yoast_head_json":{"title":"Inici - i2CAT Research Centre","description":"Des del 2003, el centre de recerca i2CAT impulsa solucions digitals avan\u00e7ades a trav\u00e9s de la recerca aplicada i la innovaci\u00f3.","robots":{"index":"index","follow":"follow","max-snippet":"max-snippet:-1","max-image-preview":"max-image-preview:large","max-video-preview":"max-video-preview:-1"},"canonical":"https:\/\/i2cat.net\/ca\/","og_locale":"ca_ES","og_type":"article","og_title":"Inici - i2CAT Research Centre","og_description":"Des del 2003, el centre de recerca i2CAT impulsa solucions digitals avan\u00e7ades a trav\u00e9s de la recerca aplicada i la innovaci\u00f3.","og_url":"https:\/\/i2cat.net\/ca\/","og_site_name":"i2CAT Research Centre","article_modified_time":"2026-07-16T08:08:50+00:00","twitter_card":"summary_large_image","schema":{"@context":"https:\/\/schema.org","@graph":[{"@type":"WebPage","@id":"https:\/\/i2cat.net\/ca\/","url":"https:\/\/i2cat.net\/ca\/","name":"Inici - i2CAT Research Centre","isPartOf":{"@id":"https:\/\/i2cat.net\/ca\/#website"},"datePublished":"2025-02-26T10:27:22+00:00","dateModified":"2026-07-16T08:08:50+00:00","description":"Des del 2003, el centre de recerca i2CAT impulsa solucions digitals avan\u00e7ades a trav\u00e9s de la recerca aplicada i la innovaci\u00f3.","breadcrumb":{"@id":"https:\/\/i2cat.net\/ca\/#breadcrumb"},"inLanguage":"ca","potentialAction":[{"@type":"ReadAction","target":["https:\/\/i2cat.net\/ca\/"]}]},{"@type":"BreadcrumbList","@id":"https:\/\/i2cat.net\/ca\/#breadcrumb","itemListElement":[{"@type":"ListItem","position":1,"name":"Home","item":"https:\/\/i2cat.net\/ca\/"},{"@type":"ListItem","position":2,"name":"Inici"}]},{"@type":"WebSite","@id":"https:\/\/i2cat.net\/ca\/#website","url":"https:\/\/i2cat.net\/ca\/","name":"i2CAT Research Centre","description":"","potentialAction":[{"@type":"SearchAction","target":{"@type":"EntryPoint","urlTemplate":"https:\/\/i2cat.net\/ca\/?s={search_term_string}"},"query-input":{"@type":"PropertyValueSpecification","valueRequired":true,"valueName":"search_term_string"}}],"inLanguage":"ca"}]}},"_links":{"self":[{"href":"https:\/\/i2cat.net\/ca\/wp-json\/wp\/v2\/pages\/17426","targetHints":{"allow":["GET"]}}],"collection":[{"href":"https:\/\/i2cat.net\/ca\/wp-json\/wp\/v2\/pages"}],"about":[{"href":"https:\/\/i2cat.net\/ca\/wp-json\/wp\/v2\/types\/page"}],"author":[{"embeddable":true,"href":"https:\/\/i2cat.net\/ca\/wp-json\/wp\/v2\/users\/1"}],"replies":[{"embeddable":true,"href":"https:\/\/i2cat.net\/ca\/wp-json\/wp\/v2\/comments?post=17426"}],"version-history":[{"count":25,"href":"https:\/\/i2cat.net\/ca\/wp-json\/wp\/v2\/pages\/17426\/revisions"}],"predecessor-version":[{"id":21571,"href":"https:\/\/i2cat.net\/ca\/wp-json\/wp\/v2\/pages\/17426\/revisions\/21571"}],"wp:attachment":[{"href":"https:\/\/i2cat.net\/ca\/wp-json\/wp\/v2\/media?parent=17426"}],"curies":[{"name":"wp","href":"https:\/\/api.w.org\/{rel}","templated":true}]}}